{"id":138,"date":"2019-07-04T13:09:37","date_gmt":"2019-07-04T11:09:37","guid":{"rendered":"https:\/\/www.publiconsulting.com\/wordpress\/flornueva\/back-matter\/sobre-el-autor\/"},"modified":"2019-07-04T13:57:55","modified_gmt":"2019-07-04T11:57:55","slug":"sobre-el-autor","status":"publish","type":"back-matter","link":"https:\/\/www.publiconsulting.com\/wordpress\/flornueva\/back-matter\/sobre-el-autor\/","title":{"rendered":"Sobre el autor"},"content":{"raw":"\n\n  <h1 class=\"oculto\" title=\"Sobre el autor\"><\/h1>\n\n  <p class=\"vineta\"><img alt=\"Foto del autor\" height=\"40%\" src=\"http:\/\/www.publiconsulting.com\/wordpress\/flornueva\/wp-content\/uploads\/sites\/103\/2019\/07\/autor.jpg\"><\/p>\n\n  <div class=\"autor\">\n    <p>RAM\u00d3N MEN\u00c9NDEZ PIDAL (La Coru\u00f1a, Espa\u00f1a, 13-3-1869 \u2013 Madrid, Espa\u00f1a, 14-11-1968) fue un fil\u00f3logo, historiador, folclorista y medievalista espa\u00f1ol. Estudi\u00f3 en la Universidad de Madrid, donde fue disc\u00edpulo de Marcelino Men\u00e9ndez Pelayo y, en 1899, obtuvo la c\u00e1tedra de Filolog\u00eda Rom\u00e1nica de la Universidad de Madrid, que habr\u00eda de conservar hasta su jubilaci\u00f3n, en 1939.<\/p>\n\n<p>En 1925 fue elegido director de la Real Academia Espa\u00f1ola. Durante la Guerra Civil decidi\u00f3 salir de Espa\u00f1a y vivi\u00f3 en Burdeos, Cuba, Estados Unidos y Par\u00eds. En 1939 ces\u00f3 como director de la Real Academia Espa\u00f1ola en se\u00f1al de protesta ante las decisiones que el poder pol\u00edtico tom\u00f3 sobre la situaci\u00f3n de algunos de sus miembros; sin embargo, volvi\u00f3 a ser elegido director en 1947 y sigui\u00f3 en este cargo hasta su muerte, no sin conseguir, como pretend\u00eda anteriormente con su dimisi\u00f3n, que los sillones de acad\u00e9micos exiliados permanecieran sin cubrir hasta que fallecieran.<\/p>\n\n<p>Men\u00e9ndez Pidal incorpor\u00f3 a los estudios ling\u00fc\u00edsticos y literarios de su pa\u00eds los m\u00e9todos comparatistas e historicistas europeos, con lo que sent\u00f3 las bases de la moderna filolog\u00eda hisp\u00e1nica y se convirti\u00f3 en uno de los m\u00e1s prestigiosos romanistas de la \u00e9poca. Con <cite>La leyenda de los infantes de Lara<\/cite> (1896) inici\u00f3 sus trabajos sobre \u00e9pica espa\u00f1ola primitiva, labor continuada con una serie de ensayos sobre el <cite>Poema del Cid<\/cite>, cuidadosamente editado por \u00e9l entre 1908 y 1911, y con obras como <cite>La epopeya castellana a trav\u00e9s de la literatura espa\u00f1ola<\/cite> (1910) y <cite>La Chanson de Roland y el neotradicionalismo<\/cite> (1959). Su aprecio por la figura de Rodrigo D\u00edaz de Vivar, en consonancia con los autores de la Generaci\u00f3n del 98, lo llev\u00f3 a escribir <cite>La Espa\u00f1a del Cid<\/cite> (1929), en la que manifest\u00f3 su dimensi\u00f3n de historiador.<\/p>\n\n<p>Aportaci\u00f3n fundamental a la ciencia filol\u00f3gica fue su <cite>Manual elemental de gram\u00e1tica hist\u00f3rica espa\u00f1ola<\/cite> (1904), reeditado numerosas veces, en el que despliega sus vastos conocimientos paleogr\u00e1ficos con extraordinario rigor. Asimismo investig\u00f3 los romances castellanos en <cite>Flor nueva de romances viejos<\/cite> (1928), <cite>Romancero hisp\u00e1nico<\/cite> (1953) y <cite>C\u00f3mo vive un romance<\/cite> (1954).<\/p>\n\n<p>Otros textos notables son <cite>Poes\u00eda juglaresca y juglares<\/cite> (1924), <cite>Or\u00edgenes del espa\u00f1ol<\/cite> (1926), <cite>La lengua de Crist\u00f3bal Col\u00f3n<\/cite> y otros ensayos (1942), <cite>Espa\u00f1a, eslab\u00f3n entre la cristiandad y el Islam<\/cite> (1956) y <cite>El padre Las Casas y su doble personalidad<\/cite> (1963).<\/p>\n  <\/div>\n\n","rendered":"<h1 class=\"oculto\" title=\"Sobre el autor\"><\/h1>\n<p class=\"vineta\"><img decoding=\"async\" alt=\"Foto del autor\" height=\"40%\" src=\"http:\/\/www.publiconsulting.com\/wordpress\/flornueva\/wp-content\/uploads\/sites\/103\/2019\/07\/autor.jpg\" \/><\/p>\n<div class=\"autor\">\n<p>RAM\u00d3N MEN\u00c9NDEZ PIDAL (La Coru\u00f1a, Espa\u00f1a, 13-3-1869 \u2013 Madrid, Espa\u00f1a, 14-11-1968) fue un fil\u00f3logo, historiador, folclorista y medievalista espa\u00f1ol. Estudi\u00f3 en la Universidad de Madrid, donde fue disc\u00edpulo de Marcelino Men\u00e9ndez Pelayo y, en 1899, obtuvo la c\u00e1tedra de Filolog\u00eda Rom\u00e1nica de la Universidad de Madrid, que habr\u00eda de conservar hasta su jubilaci\u00f3n, en 1939.<\/p>\n<p>En 1925 fue elegido director de la Real Academia Espa\u00f1ola. Durante la Guerra Civil decidi\u00f3 salir de Espa\u00f1a y vivi\u00f3 en Burdeos, Cuba, Estados Unidos y Par\u00eds. En 1939 ces\u00f3 como director de la Real Academia Espa\u00f1ola en se\u00f1al de protesta ante las decisiones que el poder pol\u00edtico tom\u00f3 sobre la situaci\u00f3n de algunos de sus miembros; sin embargo, volvi\u00f3 a ser elegido director en 1947 y sigui\u00f3 en este cargo hasta su muerte, no sin conseguir, como pretend\u00eda anteriormente con su dimisi\u00f3n, que los sillones de acad\u00e9micos exiliados permanecieran sin cubrir hasta que fallecieran.<\/p>\n<p>Men\u00e9ndez Pidal incorpor\u00f3 a los estudios ling\u00fc\u00edsticos y literarios de su pa\u00eds los m\u00e9todos comparatistas e historicistas europeos, con lo que sent\u00f3 las bases de la moderna filolog\u00eda hisp\u00e1nica y se convirti\u00f3 en uno de los m\u00e1s prestigiosos romanistas de la \u00e9poca. Con <cite>La leyenda de los infantes de Lara<\/cite> (1896) inici\u00f3 sus trabajos sobre \u00e9pica espa\u00f1ola primitiva, labor continuada con una serie de ensayos sobre el <cite>Poema del Cid<\/cite>, cuidadosamente editado por \u00e9l entre 1908 y 1911, y con obras como <cite>La epopeya castellana a trav\u00e9s de la literatura espa\u00f1ola<\/cite> (1910) y <cite>La Chanson de Roland y el neotradicionalismo<\/cite> (1959). Su aprecio por la figura de Rodrigo D\u00edaz de Vivar, en consonancia con los autores de la Generaci\u00f3n del 98, lo llev\u00f3 a escribir <cite>La Espa\u00f1a del Cid<\/cite> (1929), en la que manifest\u00f3 su dimensi\u00f3n de historiador.<\/p>\n<p>Aportaci\u00f3n fundamental a la ciencia filol\u00f3gica fue su <cite>Manual elemental de gram\u00e1tica hist\u00f3rica espa\u00f1ola<\/cite> (1904), reeditado numerosas veces, en el que despliega sus vastos conocimientos paleogr\u00e1ficos con extraordinario rigor. Asimismo investig\u00f3 los romances castellanos en <cite>Flor nueva de romances viejos<\/cite> (1928), <cite>Romancero hisp\u00e1nico<\/cite> (1953) y <cite>C\u00f3mo vive un romance<\/cite> (1954).<\/p>\n<p>Otros textos notables son <cite>Poes\u00eda juglaresca y juglares<\/cite> (1924), <cite>Or\u00edgenes del espa\u00f1ol<\/cite> (1926), <cite>La lengua de Crist\u00f3bal Col\u00f3n<\/cite> y otros ensayos (1942), <cite>Espa\u00f1a, eslab\u00f3n entre la cristiandad y el Islam<\/cite> (1956) y <cite>El padre Las Casas y su doble personalidad<\/cite> (1963).<\/p>\n<\/p><\/div>\n","protected":false},"author":1,"menu_order":1,"template":"","meta":{"pb_show_title":null,"pb_short_title":"","pb_subtitle":"","pb_authors":[],"pb_section_license":""},"back-matter-type":[],"contributor":[],"license":[],"class_list":["post-138","back-matter","type-back-matter","status-publish","hentry"],"_links":{"self":[{"href":"https:\/\/www.publiconsulting.com\/wordpress\/flornueva\/wp-json\/pressbooks\/v2\/back-matter\/138","targetHints":{"allow":["GET"]}}],"collection":[{"href":"https:\/\/www.publiconsulting.com\/wordpress\/flornueva\/wp-json\/pressbooks\/v2\/back-matter"}],"about":[{"href":"https:\/\/www.publiconsulting.com\/wordpress\/flornueva\/wp-json\/wp\/v2\/types\/back-matter"}],"author":[{"embeddable":true,"href":"https:\/\/www.publiconsulting.com\/wordpress\/flornueva\/wp-json\/wp\/v2\/users\/1"}],"version-history":[{"count":1,"href":"https:\/\/www.publiconsulting.com\/wordpress\/flornueva\/wp-json\/pressbooks\/v2\/back-matter\/138\/revisions"}],"predecessor-version":[{"id":266,"href":"https:\/\/www.publiconsulting.com\/wordpress\/flornueva\/wp-json\/pressbooks\/v2\/back-matter\/138\/revisions\/266"}],"metadata":[{"href":"https:\/\/www.publiconsulting.com\/wordpress\/flornueva\/wp-json\/pressbooks\/v2\/back-matter\/138\/metadata\/"}],"wp:attachment":[{"href":"https:\/\/www.publiconsulting.com\/wordpress\/flornueva\/wp-json\/wp\/v2\/media?parent=138"}],"wp:term":[{"taxonomy":"back-matter-type","embeddable":true,"href":"https:\/\/www.publiconsulting.com\/wordpress\/flornueva\/wp-json\/pressbooks\/v2\/back-matter-type?post=138"},{"taxonomy":"contributor","embeddable":true,"href":"https:\/\/www.publiconsulting.com\/wordpress\/flornueva\/wp-json\/wp\/v2\/contributor?post=138"},{"taxonomy":"license","embeddable":true,"href":"https:\/\/www.publiconsulting.com\/wordpress\/flornueva\/wp-json\/wp\/v2\/license?post=138"}],"curies":[{"name":"wp","href":"https:\/\/api.w.org\/{rel}","templated":true}]}}