{"id":122,"date":"2019-07-04T13:09:37","date_gmt":"2019-07-04T11:09:37","guid":{"rendered":"https:\/\/www.publiconsulting.com\/wordpress\/flornueva\/chapter\/la-muerte-ocultada\/"},"modified":"2019-07-04T13:41:26","modified_gmt":"2019-07-04T11:41:26","slug":"la-muerte-ocultada","status":"publish","type":"chapter","link":"https:\/\/www.publiconsulting.com\/wordpress\/flornueva\/chapter\/la-muerte-ocultada\/","title":{"rendered":"La Muerte ocultada"},"content":{"raw":"\n\n  <h2 title=\"La Muerte ocultada\">LA MUERTE OCULTADA<\/h2>\n\n  <div class=\"verso1\">\n    <p>A cazar iba don Pedro<br>por esos montes arriba;<br>caminara siete leguas<br>sin encontrar cosa viva,<br>si no fuera cuervos negros,<br>que los perros no quer\u00edan.<br>Ape\u00f3se a descansar<br>al pie de una seca encina;<br>ca\u00eda la nieve a copos<br>y el agua menuda y fr\u00eda.<br>Alleg\u00f3sele la Muerte<br>a tenerle compa\u00f1\u00eda.<br>Don Pedro vuelve hacia casa,<br>el alma en penas metida.<br>\u2014\u00a1Albricias, hijo don Pedro,<br>que d\u00e1rmelas bien pod\u00edas,<br>pues tu querida do\u00f1a Alda<br>un var\u00f3n parido hab\u00eda!<br>\u2014Albricias ped\u00eds, mi madre,<br>tristes albricias ser\u00edan;<br>\u00a1mala caza es la que traigo:<br>la Muerte en mi compa\u00f1\u00eda!<br>H\u00e1game, madre, la cama:<br>all\u00e1 en la sala de arriba:<br>que nada sienta do\u00f1a Alda<br>de este mal que yo tra\u00eda,<br>y no le digan mi muerte<br>hasta los cuarenta d\u00edas.<\/p>\n\n    <p>Mientras que le hacen la cama<br>entrara a ver la parida:<br>\u2014\u00a1Dios te bendiga, do\u00f1a Alda,<br>y al infante que ten\u00edas!<br>Dios te bendiga en mi ausencia,<br>que el rey a llamarme env\u00eda.<\/p>\n\n    <p>A eso de la medianoche<br>la casa se estremec\u00eda:<br>en el cuarto de don Pedro<br>grandes lamentos hac\u00edan;<br>en el cuarto de do\u00f1a Alda,<br>al ni\u00f1o hacen alegr\u00edas.<br>\u2014Diga, diga, la mi suegra,<br>d\u00edgame, mi siempre amiga,<br>\u00bfpor qui\u00e9n tocan las campanas,<br>que suenan tan doloridas?<br>\u2014No tocan sino por ti,<br>que con bien parido hab\u00edas.<br>\u2014Par\u00e9ceme o\u00edr responsos,<br>\u00bfa qui\u00e9n enterrar ir\u00edan?<br>\u2014Es la fiesta del patrono<br>y hay procesi\u00f3n en la villa.<\/p>\n\n    <p>Llegara Pascua de Flores;<br>do\u00f1a Alda quiere ir a misa:<br>\u2014Diga, diga, la mi suegra,<br>\u00bfqu\u00e9 vestido me pon\u00eda?<br>\u2014Como eres rubia y muy blanca,<br>lo negro bien te estar\u00eda.<br>\u2014\u00a1Viva, viva mi don Pedro,<br>la prenda que m\u00e1s quer\u00eda!,<br>que para vestir de luto<br>bastante tiempo tendr\u00eda.<\/p>\n\n    <p>Las doncellas van de negro<br>ella de oro y grana fina.<br>Encontraron un pastor<br>que de su hato volv\u00eda:<br>\u2014\u00a1Qu\u00e9 viudita tan hermosa;<br>viuda y de grana vestida!<br>\u2014Diga, diga, la mi suegra,<br>ese pastor, \u00bfqu\u00e9 dec\u00eda?<br>\u2014Que caminemos, do\u00f1a Alda,<br>que perderemos la misa.<\/p>\n\n    <p>Al entrar para la iglesia,<br>al tomar agua bendita:<br>\u2014Diga, diga, la mi suegra,<br>diga la mi siempre amiga,<br>\u00bfpor qui\u00e9n son esos hachones<br>que arden en nuestra capilla?<br>\u2014Dir\u00e9telo, do\u00f1a Alda,<br>pues de saberlo ten\u00edas:<br>aqu\u00ed se entierran los grandes<br>caballeros de Castilla;<br>aqu\u00ed se enterr\u00f3 don Pedro,<br>la prenda que m\u00e1s quer\u00edas.<\/p>\n\n    <p>\u00a1Llorar como ella lloraba!,<br>\u00a1pla\u00f1ido el que ella pla\u00f1\u00eda!;<br>los anillos de sus dedos<br>con sus dientes retorc\u00eda;<br>vestidos de grana y oro,<br>en pedazos los romp\u00eda.<br>\u2014\u00a1Desgraciado de mi hijo,<br>sin padre y madre ser\u00eda!<br>\u00a1Cu\u00eddesmelo t\u00fa, mi suegra;<br>yo con don Pedro me iba!<\/p>\n\n    <p>\u00a1V\u00e1lgame la Virgen santa,<br>v\u00e1lgame santa Mar\u00eda!<\/p>\n  <\/div>\n\n  <p>Canciones semejantes a \u00e9sta existen en Francia. Italia, Escandinavia, Alemania; sus relaciones mutuas son muy dif\u00edciles de establecer. En Espa\u00f1a existe una forma antigua de hacia fines del siglo <small>XV<\/small>, compuesta en versos de seis s\u00edlabas y en variedad de asonancias; se conserva hoy en Extremadura, Salamanca, Catalu\u00f1a y Marruecos; su protagonista se llama don Bueso; en su muerte se mezcla un elemento misterioso y sobrenatural. Posteriores en fecha son otra versi\u00f3n, tambi\u00e9n de seis s\u00edlabas, y la de ocho, que es la que aqu\u00ed publicamos y parece, muy tard\u00eda, acaso de fines del siglo <small>XVII<\/small>. En estas versiones posteriores el elemento fant\u00e1stico est\u00e1 o atenuado o eliminado totalmente, suponiendo la mayor\u00eda de ellas que el protagonista vuelve herido de la guerra.<\/p>\n\n","rendered":"<h2 title=\"La Muerte ocultada\">LA MUERTE OCULTADA<\/h2>\n<div class=\"verso1\">\n<p>A cazar iba don Pedro<br \/>por esos montes arriba;<br \/>caminara siete leguas<br \/>sin encontrar cosa viva,<br \/>si no fuera cuervos negros,<br \/>que los perros no quer\u00edan.<br \/>Ape\u00f3se a descansar<br \/>al pie de una seca encina;<br \/>ca\u00eda la nieve a copos<br \/>y el agua menuda y fr\u00eda.<br \/>Alleg\u00f3sele la Muerte<br \/>a tenerle compa\u00f1\u00eda.<br \/>Don Pedro vuelve hacia casa,<br \/>el alma en penas metida.<br \/>\u2014\u00a1Albricias, hijo don Pedro,<br \/>que d\u00e1rmelas bien pod\u00edas,<br \/>pues tu querida do\u00f1a Alda<br \/>un var\u00f3n parido hab\u00eda!<br \/>\u2014Albricias ped\u00eds, mi madre,<br \/>tristes albricias ser\u00edan;<br \/>\u00a1mala caza es la que traigo:<br \/>la Muerte en mi compa\u00f1\u00eda!<br \/>H\u00e1game, madre, la cama:<br \/>all\u00e1 en la sala de arriba:<br \/>que nada sienta do\u00f1a Alda<br \/>de este mal que yo tra\u00eda,<br \/>y no le digan mi muerte<br \/>hasta los cuarenta d\u00edas.<\/p>\n<p>Mientras que le hacen la cama<br \/>entrara a ver la parida:<br \/>\u2014\u00a1Dios te bendiga, do\u00f1a Alda,<br \/>y al infante que ten\u00edas!<br \/>Dios te bendiga en mi ausencia,<br \/>que el rey a llamarme env\u00eda.<\/p>\n<p>A eso de la medianoche<br \/>la casa se estremec\u00eda:<br \/>en el cuarto de don Pedro<br \/>grandes lamentos hac\u00edan;<br \/>en el cuarto de do\u00f1a Alda,<br \/>al ni\u00f1o hacen alegr\u00edas.<br \/>\u2014Diga, diga, la mi suegra,<br \/>d\u00edgame, mi siempre amiga,<br \/>\u00bfpor qui\u00e9n tocan las campanas,<br \/>que suenan tan doloridas?<br \/>\u2014No tocan sino por ti,<br \/>que con bien parido hab\u00edas.<br \/>\u2014Par\u00e9ceme o\u00edr responsos,<br \/>\u00bfa qui\u00e9n enterrar ir\u00edan?<br \/>\u2014Es la fiesta del patrono<br \/>y hay procesi\u00f3n en la villa.<\/p>\n<p>Llegara Pascua de Flores;<br \/>do\u00f1a Alda quiere ir a misa:<br \/>\u2014Diga, diga, la mi suegra,<br \/>\u00bfqu\u00e9 vestido me pon\u00eda?<br \/>\u2014Como eres rubia y muy blanca,<br \/>lo negro bien te estar\u00eda.<br \/>\u2014\u00a1Viva, viva mi don Pedro,<br \/>la prenda que m\u00e1s quer\u00eda!,<br \/>que para vestir de luto<br \/>bastante tiempo tendr\u00eda.<\/p>\n<p>Las doncellas van de negro<br \/>ella de oro y grana fina.<br \/>Encontraron un pastor<br \/>que de su hato volv\u00eda:<br \/>\u2014\u00a1Qu\u00e9 viudita tan hermosa;<br \/>viuda y de grana vestida!<br \/>\u2014Diga, diga, la mi suegra,<br \/>ese pastor, \u00bfqu\u00e9 dec\u00eda?<br \/>\u2014Que caminemos, do\u00f1a Alda,<br \/>que perderemos la misa.<\/p>\n<p>Al entrar para la iglesia,<br \/>al tomar agua bendita:<br \/>\u2014Diga, diga, la mi suegra,<br \/>diga la mi siempre amiga,<br \/>\u00bfpor qui\u00e9n son esos hachones<br \/>que arden en nuestra capilla?<br \/>\u2014Dir\u00e9telo, do\u00f1a Alda,<br \/>pues de saberlo ten\u00edas:<br \/>aqu\u00ed se entierran los grandes<br \/>caballeros de Castilla;<br \/>aqu\u00ed se enterr\u00f3 don Pedro,<br \/>la prenda que m\u00e1s quer\u00edas.<\/p>\n<p>\u00a1Llorar como ella lloraba!,<br \/>\u00a1pla\u00f1ido el que ella pla\u00f1\u00eda!;<br \/>los anillos de sus dedos<br \/>con sus dientes retorc\u00eda;<br \/>vestidos de grana y oro,<br \/>en pedazos los romp\u00eda.<br \/>\u2014\u00a1Desgraciado de mi hijo,<br \/>sin padre y madre ser\u00eda!<br \/>\u00a1Cu\u00eddesmelo t\u00fa, mi suegra;<br \/>yo con don Pedro me iba!<\/p>\n<p>\u00a1V\u00e1lgame la Virgen santa,<br \/>v\u00e1lgame santa Mar\u00eda!<\/p>\n<\/p><\/div>\n<p>Canciones semejantes a \u00e9sta existen en Francia. Italia, Escandinavia, Alemania; sus relaciones mutuas son muy dif\u00edciles de establecer. En Espa\u00f1a existe una forma antigua de hacia fines del siglo <small>XV<\/small>, compuesta en versos de seis s\u00edlabas y en variedad de asonancias; se conserva hoy en Extremadura, Salamanca, Catalu\u00f1a y Marruecos; su protagonista se llama don Bueso; en su muerte se mezcla un elemento misterioso y sobrenatural. Posteriores en fecha son otra versi\u00f3n, tambi\u00e9n de seis s\u00edlabas, y la de ocho, que es la que aqu\u00ed publicamos y parece, muy tard\u00eda, acaso de fines del siglo <small>XVII<\/small>. En estas versiones posteriores el elemento fant\u00e1stico est\u00e1 o atenuado o eliminado totalmente, suponiendo la mayor\u00eda de ellas que el protagonista vuelve herido de la guerra.<\/p>\n","protected":false},"author":1,"menu_order":92,"template":"","meta":{"pb_show_title":null,"pb_short_title":"","pb_subtitle":"","pb_authors":[],"pb_section_license":""},"chapter-type":[],"contributor":[],"license":[],"class_list":["post-122","chapter","type-chapter","status-publish","hentry"],"part":3,"_links":{"self":[{"href":"https:\/\/www.publiconsulting.com\/wordpress\/flornueva\/wp-json\/pressbooks\/v2\/chapters\/122","targetHints":{"allow":["GET"]}}],"collection":[{"href":"https:\/\/www.publiconsulting.com\/wordpress\/flornueva\/wp-json\/pressbooks\/v2\/chapters"}],"about":[{"href":"https:\/\/www.publiconsulting.com\/wordpress\/flornueva\/wp-json\/wp\/v2\/types\/chapter"}],"author":[{"embeddable":true,"href":"https:\/\/www.publiconsulting.com\/wordpress\/flornueva\/wp-json\/wp\/v2\/users\/1"}],"version-history":[{"count":1,"href":"https:\/\/www.publiconsulting.com\/wordpress\/flornueva\/wp-json\/pressbooks\/v2\/chapters\/122\/revisions"}],"predecessor-version":[{"id":249,"href":"https:\/\/www.publiconsulting.com\/wordpress\/flornueva\/wp-json\/pressbooks\/v2\/chapters\/122\/revisions\/249"}],"part":[{"href":"https:\/\/www.publiconsulting.com\/wordpress\/flornueva\/wp-json\/pressbooks\/v2\/parts\/3"}],"metadata":[{"href":"https:\/\/www.publiconsulting.com\/wordpress\/flornueva\/wp-json\/pressbooks\/v2\/chapters\/122\/metadata\/"}],"wp:attachment":[{"href":"https:\/\/www.publiconsulting.com\/wordpress\/flornueva\/wp-json\/wp\/v2\/media?parent=122"}],"wp:term":[{"taxonomy":"chapter-type","embeddable":true,"href":"https:\/\/www.publiconsulting.com\/wordpress\/flornueva\/wp-json\/pressbooks\/v2\/chapter-type?post=122"},{"taxonomy":"contributor","embeddable":true,"href":"https:\/\/www.publiconsulting.com\/wordpress\/flornueva\/wp-json\/wp\/v2\/contributor?post=122"},{"taxonomy":"license","embeddable":true,"href":"https:\/\/www.publiconsulting.com\/wordpress\/flornueva\/wp-json\/wp\/v2\/license?post=122"}],"curies":[{"name":"wp","href":"https:\/\/api.w.org\/{rel}","templated":true}]}}