{"id":135,"date":"2019-07-04T13:09:37","date_gmt":"2019-07-04T11:09:37","guid":{"rendered":"https:\/\/www.publiconsulting.com\/wordpress\/flornueva\/chapter\/el-pastor-desesperado\/"},"modified":"2019-07-04T13:41:53","modified_gmt":"2019-07-04T11:41:53","slug":"el-pastor-desesperado","status":"publish","type":"chapter","link":"https:\/\/www.publiconsulting.com\/wordpress\/flornueva\/chapter\/el-pastor-desesperado\/","title":{"rendered":"El pastor desesperado"},"content":{"raw":"\n\n  <h2 title=\"El pastor desesperado\">EL PASTOR DESESPERADO<\/h2>\n\n  <div class=\"verso1\">\n    <p>Por aquel lir\u00f3n arriba<br>lindo pastor va llorando;<br>del agua de los sus ojos<br>el gab\u00e1n lleva mojado.<br>\u2014Buscar\u00e9is, ovejas m\u00edas,<br>pastor m\u00e1s aventurado,<br>que os lleve a la fuente fr\u00eda<br>y os caree con su cayado.<br>\u00a1Adi\u00f3s, adi\u00f3s, compa\u00f1eros,<br>las alegr\u00edas de anta\u00f1o!,<br>si me muero deste mal,<br>no me enterr\u00e9is en sagrado;<br>no quiero paz de la muerte,<br>pues nunca fui bien amado;<br>enterr\u00e9isme en prado verde,<br>donde paste mi ganado,<br>con una piedra que diga:<br>\u00abAqu\u00ed muri\u00f3 un desdichado;<br>muri\u00f3 del mal del amor,<br>que es un mal desesperado\u00bb.<\/p>\n\n    <p>Ya le entierran al pastor<br>en medio del verde prado,<br>al son de un triste cencerro,<br>que no hay all\u00ed campanario.<br>Tres serranitas le lloran<br>al pie del monte serrano;<br>una dec\u00eda: \u00abAy mi primo\u00bb,<br>otra dec\u00eda: \u00abAy mi hermano\u00bb,<br>la m\u00e1s chiquitita dellas:<br>\u00abAdi\u00f3s, lindo enamorado,<br>mal te quise por mi mal,<br>siempre vivir\u00e9 penando\u00bb.<\/p>\n  <\/div>\n\n  <p>Entre tantos pastores desesperados como tiene el g\u00e9nero pastoril en el siglo <small>XVI<\/small>, ninguno se parece tanto al de nuestro r\u00fastico romance como el Gris\u00f3stomo, del <cite>Quijote<\/cite>, que muerto en desesperaci\u00f3n de amor, manda que no le entierren en sagrado, sino en el campo, con gran esc\u00e1ndalo de los abades del pueblo.<\/p>\n\n  <p>Los versos de \u00abno me entierren en sagrado\u00bb son repetid\u00edsimos; y a\u00fan m\u00e1s que en la Pen\u00ednsula en Am\u00e9rica; tanto, que un autor rioplatense, Santiago Maciel, ve en ellos encarnada la poes\u00eda de los exiguos cementerios de la regi\u00f3n \u00abdonde los pobres paisanos hallan reposo bajo la misma tierra que tantas veces hollaron en sus marchas cotidianas a trav\u00e9s de la inmensa llanura\u00bb.<\/p>\n\n","rendered":"<h2 title=\"El pastor desesperado\">EL PASTOR DESESPERADO<\/h2>\n<div class=\"verso1\">\n<p>Por aquel lir\u00f3n arriba<br \/>lindo pastor va llorando;<br \/>del agua de los sus ojos<br \/>el gab\u00e1n lleva mojado.<br \/>\u2014Buscar\u00e9is, ovejas m\u00edas,<br \/>pastor m\u00e1s aventurado,<br \/>que os lleve a la fuente fr\u00eda<br \/>y os caree con su cayado.<br \/>\u00a1Adi\u00f3s, adi\u00f3s, compa\u00f1eros,<br \/>las alegr\u00edas de anta\u00f1o!,<br \/>si me muero deste mal,<br \/>no me enterr\u00e9is en sagrado;<br \/>no quiero paz de la muerte,<br \/>pues nunca fui bien amado;<br \/>enterr\u00e9isme en prado verde,<br \/>donde paste mi ganado,<br \/>con una piedra que diga:<br \/>\u00abAqu\u00ed muri\u00f3 un desdichado;<br \/>muri\u00f3 del mal del amor,<br \/>que es un mal desesperado\u00bb.<\/p>\n<p>Ya le entierran al pastor<br \/>en medio del verde prado,<br \/>al son de un triste cencerro,<br \/>que no hay all\u00ed campanario.<br \/>Tres serranitas le lloran<br \/>al pie del monte serrano;<br \/>una dec\u00eda: \u00abAy mi primo\u00bb,<br \/>otra dec\u00eda: \u00abAy mi hermano\u00bb,<br \/>la m\u00e1s chiquitita dellas:<br \/>\u00abAdi\u00f3s, lindo enamorado,<br \/>mal te quise por mi mal,<br \/>siempre vivir\u00e9 penando\u00bb.<\/p>\n<\/p><\/div>\n<p>Entre tantos pastores desesperados como tiene el g\u00e9nero pastoril en el siglo <small>XVI<\/small>, ninguno se parece tanto al de nuestro r\u00fastico romance como el Gris\u00f3stomo, del <cite>Quijote<\/cite>, que muerto en desesperaci\u00f3n de amor, manda que no le entierren en sagrado, sino en el campo, con gran esc\u00e1ndalo de los abades del pueblo.<\/p>\n<p>Los versos de \u00abno me entierren en sagrado\u00bb son repetid\u00edsimos; y a\u00fan m\u00e1s que en la Pen\u00ednsula en Am\u00e9rica; tanto, que un autor rioplatense, Santiago Maciel, ve en ellos encarnada la poes\u00eda de los exiguos cementerios de la regi\u00f3n \u00abdonde los pobres paisanos hallan reposo bajo la misma tierra que tantas veces hollaron en sus marchas cotidianas a trav\u00e9s de la inmensa llanura\u00bb.<\/p>\n","protected":false},"author":1,"menu_order":105,"template":"","meta":{"pb_show_title":null,"pb_short_title":"","pb_subtitle":"","pb_authors":[],"pb_section_license":""},"chapter-type":[],"contributor":[],"license":[],"class_list":["post-135","chapter","type-chapter","status-publish","hentry"],"part":3,"_links":{"self":[{"href":"https:\/\/www.publiconsulting.com\/wordpress\/flornueva\/wp-json\/pressbooks\/v2\/chapters\/135","targetHints":{"allow":["GET"]}}],"collection":[{"href":"https:\/\/www.publiconsulting.com\/wordpress\/flornueva\/wp-json\/pressbooks\/v2\/chapters"}],"about":[{"href":"https:\/\/www.publiconsulting.com\/wordpress\/flornueva\/wp-json\/wp\/v2\/types\/chapter"}],"author":[{"embeddable":true,"href":"https:\/\/www.publiconsulting.com\/wordpress\/flornueva\/wp-json\/wp\/v2\/users\/1"}],"version-history":[{"count":1,"href":"https:\/\/www.publiconsulting.com\/wordpress\/flornueva\/wp-json\/pressbooks\/v2\/chapters\/135\/revisions"}],"predecessor-version":[{"id":262,"href":"https:\/\/www.publiconsulting.com\/wordpress\/flornueva\/wp-json\/pressbooks\/v2\/chapters\/135\/revisions\/262"}],"part":[{"href":"https:\/\/www.publiconsulting.com\/wordpress\/flornueva\/wp-json\/pressbooks\/v2\/parts\/3"}],"metadata":[{"href":"https:\/\/www.publiconsulting.com\/wordpress\/flornueva\/wp-json\/pressbooks\/v2\/chapters\/135\/metadata\/"}],"wp:attachment":[{"href":"https:\/\/www.publiconsulting.com\/wordpress\/flornueva\/wp-json\/wp\/v2\/media?parent=135"}],"wp:term":[{"taxonomy":"chapter-type","embeddable":true,"href":"https:\/\/www.publiconsulting.com\/wordpress\/flornueva\/wp-json\/pressbooks\/v2\/chapter-type?post=135"},{"taxonomy":"contributor","embeddable":true,"href":"https:\/\/www.publiconsulting.com\/wordpress\/flornueva\/wp-json\/wp\/v2\/contributor?post=135"},{"taxonomy":"license","embeddable":true,"href":"https:\/\/www.publiconsulting.com\/wordpress\/flornueva\/wp-json\/wp\/v2\/license?post=135"}],"curies":[{"name":"wp","href":"https:\/\/api.w.org\/{rel}","templated":true}]}}