{"id":44,"date":"2019-07-04T13:09:35","date_gmt":"2019-07-04T11:09:35","guid":{"rendered":"https:\/\/www.publiconsulting.com\/wordpress\/flornueva\/chapter\/romance-sexto\/"},"modified":"2019-07-04T13:38:21","modified_gmt":"2019-07-04T11:38:21","slug":"romance-sexto","status":"publish","type":"chapter","link":"https:\/\/www.publiconsulting.com\/wordpress\/flornueva\/chapter\/romance-sexto\/","title":{"rendered":"Romance sexto"},"content":{"raw":"\n\n  <h2 class=\"sigil_not_in_toc\">ROMANCE SEXTO<\/h2>\n\n  <p class=\"titulo\">El reino perdido<\/p>\n\n  <div class=\"verso1\">\n    <p>Las huestes de don Rodrigo<br>desmayaban y hu\u00edan<br>cuando en la octava batalla<br>sus enemigos venc\u00edan.<br>Rodrigo deja sus tiendas<br>y del real se sal\u00eda,<br>solo va el desventurado,<br>sin ninguna compa\u00f1\u00eda;<br>el caballo de cansado<br>ya moverse no pod\u00eda,<br>camina por donde quiere<br>sin que \u00e9l le estorbe la v\u00eda.<br>El rey va tan desmayado<br>que sentido no ten\u00eda;<br>muerto va de sed y hambre,<br>de velle era gran macula;<br>iba tan tinto de sangre<br>que una brasa parec\u00eda.<br>Las armas lleva abolladas,<br>que eran de gran pedrer\u00eda;<br>la espada lleva hecha sierra<br>de los golpes que ten\u00eda;<br>el almete de abollado<br>en la cabeza se hund\u00eda;<br>la cara llevaba hinchada<br>del trabajo que sufr\u00eda.<\/p>\n\n    <p>Subi\u00f3se encima de un cerro,<br>el m\u00e1s alto que ve\u00eda;<br>desde all\u00ed mira su gente<br>c\u00f3mo iba de vencida;<br>de all\u00ed mira sus banderas<br>y estandartes que ten\u00eda,<br>c\u00f3mo est\u00e1n todos pisados<br>que la tierra los cubr\u00eda;<br>mira por los capitanes,<br>que ninguno paresc\u00eda;<br>mira el campo tinto en sangre,<br>la cual arroyos corr\u00eda.<br>\u00c9l, triste de ver aquesto,<br>gran mancilla en s\u00ed ten\u00eda,<br>llorando de los sus ojos<br>desta manera dec\u00eda:<br>\u00abAyer era rey de Espa\u00f1a,<br>hoy no lo soy de una villa;<br>ayer villas y castillos,<br>hoy ninguno pose\u00eda;<br>ayer ten\u00eda criados<br>y gente que me serv\u00eda,<br>hoy no tengo ni una almena<br>que pueda decir que es m\u00eda.<br>\u00a1Desdichada fue la hora,<br>desdichado fue aquel d\u00eda<br>en que nac\u00ed y hered\u00e9<br>la tan grande se\u00f1or\u00eda,<br>pues lo hab\u00eda de perder<br>todo junto y en un d\u00eda!<br>\u00a1Oh muerte!, \u00bfpor qu\u00e9 no vienes<br>y llevas esta alma m\u00eda<br>de aqueste cuerpo mezquino,<br>pues se te agradecer\u00eda?\u00bb.<\/p>\n  <\/div>\n\n","rendered":"<h2 class=\"sigil_not_in_toc\">ROMANCE SEXTO<\/h2>\n<p class=\"titulo\">El reino perdido<\/p>\n<div class=\"verso1\">\n<p>Las huestes de don Rodrigo<br \/>desmayaban y hu\u00edan<br \/>cuando en la octava batalla<br \/>sus enemigos venc\u00edan.<br \/>Rodrigo deja sus tiendas<br \/>y del real se sal\u00eda,<br \/>solo va el desventurado,<br \/>sin ninguna compa\u00f1\u00eda;<br \/>el caballo de cansado<br \/>ya moverse no pod\u00eda,<br \/>camina por donde quiere<br \/>sin que \u00e9l le estorbe la v\u00eda.<br \/>El rey va tan desmayado<br \/>que sentido no ten\u00eda;<br \/>muerto va de sed y hambre,<br \/>de velle era gran macula;<br \/>iba tan tinto de sangre<br \/>que una brasa parec\u00eda.<br \/>Las armas lleva abolladas,<br \/>que eran de gran pedrer\u00eda;<br \/>la espada lleva hecha sierra<br \/>de los golpes que ten\u00eda;<br \/>el almete de abollado<br \/>en la cabeza se hund\u00eda;<br \/>la cara llevaba hinchada<br \/>del trabajo que sufr\u00eda.<\/p>\n<p>Subi\u00f3se encima de un cerro,<br \/>el m\u00e1s alto que ve\u00eda;<br \/>desde all\u00ed mira su gente<br \/>c\u00f3mo iba de vencida;<br \/>de all\u00ed mira sus banderas<br \/>y estandartes que ten\u00eda,<br \/>c\u00f3mo est\u00e1n todos pisados<br \/>que la tierra los cubr\u00eda;<br \/>mira por los capitanes,<br \/>que ninguno paresc\u00eda;<br \/>mira el campo tinto en sangre,<br \/>la cual arroyos corr\u00eda.<br \/>\u00c9l, triste de ver aquesto,<br \/>gran mancilla en s\u00ed ten\u00eda,<br \/>llorando de los sus ojos<br \/>desta manera dec\u00eda:<br \/>\u00abAyer era rey de Espa\u00f1a,<br \/>hoy no lo soy de una villa;<br \/>ayer villas y castillos,<br \/>hoy ninguno pose\u00eda;<br \/>ayer ten\u00eda criados<br \/>y gente que me serv\u00eda,<br \/>hoy no tengo ni una almena<br \/>que pueda decir que es m\u00eda.<br \/>\u00a1Desdichada fue la hora,<br \/>desdichado fue aquel d\u00eda<br \/>en que nac\u00ed y hered\u00e9<br \/>la tan grande se\u00f1or\u00eda,<br \/>pues lo hab\u00eda de perder<br \/>todo junto y en un d\u00eda!<br \/>\u00a1Oh muerte!, \u00bfpor qu\u00e9 no vienes<br \/>y llevas esta alma m\u00eda<br \/>de aqueste cuerpo mezquino,<br \/>pues se te agradecer\u00eda?\u00bb.<\/p>\n<\/p><\/div>\n","protected":false},"author":1,"menu_order":14,"template":"","meta":{"pb_show_title":null,"pb_short_title":"","pb_subtitle":"","pb_authors":[],"pb_section_license":""},"chapter-type":[],"contributor":[],"license":[],"class_list":["post-44","chapter","type-chapter","status-publish","hentry"],"part":3,"_links":{"self":[{"href":"https:\/\/www.publiconsulting.com\/wordpress\/flornueva\/wp-json\/pressbooks\/v2\/chapters\/44","targetHints":{"allow":["GET"]}}],"collection":[{"href":"https:\/\/www.publiconsulting.com\/wordpress\/flornueva\/wp-json\/pressbooks\/v2\/chapters"}],"about":[{"href":"https:\/\/www.publiconsulting.com\/wordpress\/flornueva\/wp-json\/wp\/v2\/types\/chapter"}],"author":[{"embeddable":true,"href":"https:\/\/www.publiconsulting.com\/wordpress\/flornueva\/wp-json\/wp\/v2\/users\/1"}],"version-history":[{"count":1,"href":"https:\/\/www.publiconsulting.com\/wordpress\/flornueva\/wp-json\/pressbooks\/v2\/chapters\/44\/revisions"}],"predecessor-version":[{"id":172,"href":"https:\/\/www.publiconsulting.com\/wordpress\/flornueva\/wp-json\/pressbooks\/v2\/chapters\/44\/revisions\/172"}],"part":[{"href":"https:\/\/www.publiconsulting.com\/wordpress\/flornueva\/wp-json\/pressbooks\/v2\/parts\/3"}],"metadata":[{"href":"https:\/\/www.publiconsulting.com\/wordpress\/flornueva\/wp-json\/pressbooks\/v2\/chapters\/44\/metadata\/"}],"wp:attachment":[{"href":"https:\/\/www.publiconsulting.com\/wordpress\/flornueva\/wp-json\/wp\/v2\/media?parent=44"}],"wp:term":[{"taxonomy":"chapter-type","embeddable":true,"href":"https:\/\/www.publiconsulting.com\/wordpress\/flornueva\/wp-json\/pressbooks\/v2\/chapter-type?post=44"},{"taxonomy":"contributor","embeddable":true,"href":"https:\/\/www.publiconsulting.com\/wordpress\/flornueva\/wp-json\/wp\/v2\/contributor?post=44"},{"taxonomy":"license","embeddable":true,"href":"https:\/\/www.publiconsulting.com\/wordpress\/flornueva\/wp-json\/wp\/v2\/license?post=44"}],"curies":[{"name":"wp","href":"https:\/\/api.w.org\/{rel}","templated":true}]}}