{"id":45,"date":"2019-07-04T13:09:35","date_gmt":"2019-07-04T11:09:35","guid":{"rendered":"https:\/\/www.publiconsulting.com\/wordpress\/flornueva\/chapter\/romance-setimo\/"},"modified":"2019-07-04T13:38:24","modified_gmt":"2019-07-04T11:38:24","slug":"romance-setimo","status":"publish","type":"chapter","link":"https:\/\/www.publiconsulting.com\/wordpress\/flornueva\/chapter\/romance-setimo\/","title":{"rendered":"Romance s\u00e9timo"},"content":{"raw":"\n\n  <h2 class=\"sigil_not_in_toc\">ROMANCE S\u00c9TIMO<\/h2>\n\n  <p class=\"titulo\">La penitencia del rey Rodrigo<\/p>\n\n  <div class=\"verso1\">\n    <p>Despu\u00e9s que el rey don Rodrigo<br>a Espa\u00f1a perdido hab\u00eda<br>\u00edbase desesperado<br>huyendo de su desdicha;<br>solo va el desventurado,<br>no quiere otra compa\u00f1\u00eda<br>que la del mal de la Muerte<br>que en su seguimiento iba.<br>M\u00e9tese por las monta\u00f1as,<br>las m\u00e1s espesas que v\u00eda.<br>Topado ha con un pastor<br>que su ganado tra\u00eda;<br>d\u00edjole: \u00abDime, buen hombre,<br>lo que preguntar quer\u00eda:<br>si hay por aqu\u00ed monasterio<br>o gente de clerec\u00eda\u00bb.<br>El pastor respondi\u00f3 luego<br>que en balde lo buscar\u00eda,<br>porque en todo aquel desierto<br>sola una ermita hab\u00eda<br>donde estaba un ermita\u00f1o<br>que hac\u00eda muy santa vida.<br>El rey fue alegre desto<br>por all\u00ed acabar su vida;<br>pidi\u00f3 al hombre que le diese<br>de comer, si algo ten\u00eda,<br>que las fuerzas de su cuerpo<br>del todo desfallec\u00edan.<br>El pastor sac\u00f3 un zurr\u00f3n<br>en donde su pan tra\u00eda;<br>diole de \u00e9l y de un tasajo<br>que acaso all\u00ed echado hab\u00eda;<br>el pan era muy moreno,<br>al rey muy mal le sab\u00eda;<br>las l\u00e1grimas se le salen,<br>detener no las pod\u00eda,<br>acord\u00e1ndose en su tiempo<br>los manjares que com\u00eda.<\/p>\n\n    <p>Despu\u00e9s que hobo descansado<br>por la ermita le ped\u00eda;<br>el pastor le ense\u00f1\u00f3 luego<br>por donde no errar\u00eda;<br>el rey le dio una cadena<br>y un anillo que tra\u00eda;<br>joyas son de gran valor<br>que el rey en mucho ten\u00eda.<\/p>\n\n    <p>Comenzando a caminar,<br>ya cerca el sol se pon\u00eda.<br>a la ermita hubo llegado<br>en muy alta serran\u00eda.<br>Encontr\u00f3se al ermita\u00f1o,<br>m\u00e1s de cien a\u00f1os ten\u00eda.<br>\u00abEl desdichado Rodrigo<br>yo soy, que rey ser sol\u00eda,<br>el que por yerros de amor<br>tiene su alma perdida,<br>por cuyos negros pecados<br>toda Espa\u00f1a es destruida.<br>Por Dios te ruego, ermita\u00f1o,<br>por Dios y Santa Mar\u00eda,<br>que me oigas en confesi\u00f3n<br>porque finar me quer\u00eda\u00bb.<br>El ermita\u00f1o se espanta<br>y con l\u00e1grimas dec\u00eda:<br>\u00abConfesar, confesar\u00e9te,<br>absolverte no pod\u00eda\u00bb.<br>Estando en estas razones<br>voz de los cielos se o\u00eda:<br>\u00abAbsu\u00e9lvelo, confesor,<br>absu\u00e9lvelo por tu vida<br>y dale la penitencia<br>en su sepultura misma\u00bb.<\/p>\n\n    <p>Seg\u00fan le fue revelado<br>por obra el rey lo pon\u00eda.<br>Meti\u00f3se en la sepultura<br>que a par de la ermita hab\u00eda;<br>dentro duerme una culebra,<br>mirarla espanto pon\u00eda:<br>tres roscas daba a la tumba,<br>siete cabezas ten\u00eda.<br>\u00abRuega por m\u00ed el ermita\u00f1o<br>porque acabe bien mi vida\u00bb.<\/p>\n\n    <p>El ermita\u00f1o lo esfuerza,<br>con la losa lo cubr\u00eda,<br>rogaba a Dios a su lado<br>todas las horas del d\u00eda.<br>\u00ab\u00bfC\u00f3mo te va, penitente,<br>con tu fuerte compa\u00f1\u00eda?\u00bb<br>\u00abYa me come, ya me come,<br>por do m\u00e1s pecado hab\u00eda,<br>en derecho al coraz\u00f3n,<br>fuente de mi gran desdicha\u00bb.<\/p>\n\n    <p>Las campanicas del cielo<br>sones hacen de alegr\u00eda;<br>las campanas de la tierra<br>ellas solas se ta\u00f1\u00edan;<br>el alma del penitente<br>para los cielos sub\u00eda.<\/p>\n  <\/div>\n\n","rendered":"<h2 class=\"sigil_not_in_toc\">ROMANCE S\u00c9TIMO<\/h2>\n<p class=\"titulo\">La penitencia del rey Rodrigo<\/p>\n<div class=\"verso1\">\n<p>Despu\u00e9s que el rey don Rodrigo<br \/>a Espa\u00f1a perdido hab\u00eda<br \/>\u00edbase desesperado<br \/>huyendo de su desdicha;<br \/>solo va el desventurado,<br \/>no quiere otra compa\u00f1\u00eda<br \/>que la del mal de la Muerte<br \/>que en su seguimiento iba.<br \/>M\u00e9tese por las monta\u00f1as,<br \/>las m\u00e1s espesas que v\u00eda.<br \/>Topado ha con un pastor<br \/>que su ganado tra\u00eda;<br \/>d\u00edjole: \u00abDime, buen hombre,<br \/>lo que preguntar quer\u00eda:<br \/>si hay por aqu\u00ed monasterio<br \/>o gente de clerec\u00eda\u00bb.<br \/>El pastor respondi\u00f3 luego<br \/>que en balde lo buscar\u00eda,<br \/>porque en todo aquel desierto<br \/>sola una ermita hab\u00eda<br \/>donde estaba un ermita\u00f1o<br \/>que hac\u00eda muy santa vida.<br \/>El rey fue alegre desto<br \/>por all\u00ed acabar su vida;<br \/>pidi\u00f3 al hombre que le diese<br \/>de comer, si algo ten\u00eda,<br \/>que las fuerzas de su cuerpo<br \/>del todo desfallec\u00edan.<br \/>El pastor sac\u00f3 un zurr\u00f3n<br \/>en donde su pan tra\u00eda;<br \/>diole de \u00e9l y de un tasajo<br \/>que acaso all\u00ed echado hab\u00eda;<br \/>el pan era muy moreno,<br \/>al rey muy mal le sab\u00eda;<br \/>las l\u00e1grimas se le salen,<br \/>detener no las pod\u00eda,<br \/>acord\u00e1ndose en su tiempo<br \/>los manjares que com\u00eda.<\/p>\n<p>Despu\u00e9s que hobo descansado<br \/>por la ermita le ped\u00eda;<br \/>el pastor le ense\u00f1\u00f3 luego<br \/>por donde no errar\u00eda;<br \/>el rey le dio una cadena<br \/>y un anillo que tra\u00eda;<br \/>joyas son de gran valor<br \/>que el rey en mucho ten\u00eda.<\/p>\n<p>Comenzando a caminar,<br \/>ya cerca el sol se pon\u00eda.<br \/>a la ermita hubo llegado<br \/>en muy alta serran\u00eda.<br \/>Encontr\u00f3se al ermita\u00f1o,<br \/>m\u00e1s de cien a\u00f1os ten\u00eda.<br \/>\u00abEl desdichado Rodrigo<br \/>yo soy, que rey ser sol\u00eda,<br \/>el que por yerros de amor<br \/>tiene su alma perdida,<br \/>por cuyos negros pecados<br \/>toda Espa\u00f1a es destruida.<br \/>Por Dios te ruego, ermita\u00f1o,<br \/>por Dios y Santa Mar\u00eda,<br \/>que me oigas en confesi\u00f3n<br \/>porque finar me quer\u00eda\u00bb.<br \/>El ermita\u00f1o se espanta<br \/>y con l\u00e1grimas dec\u00eda:<br \/>\u00abConfesar, confesar\u00e9te,<br \/>absolverte no pod\u00eda\u00bb.<br \/>Estando en estas razones<br \/>voz de los cielos se o\u00eda:<br \/>\u00abAbsu\u00e9lvelo, confesor,<br \/>absu\u00e9lvelo por tu vida<br \/>y dale la penitencia<br \/>en su sepultura misma\u00bb.<\/p>\n<p>Seg\u00fan le fue revelado<br \/>por obra el rey lo pon\u00eda.<br \/>Meti\u00f3se en la sepultura<br \/>que a par de la ermita hab\u00eda;<br \/>dentro duerme una culebra,<br \/>mirarla espanto pon\u00eda:<br \/>tres roscas daba a la tumba,<br \/>siete cabezas ten\u00eda.<br \/>\u00abRuega por m\u00ed el ermita\u00f1o<br \/>porque acabe bien mi vida\u00bb.<\/p>\n<p>El ermita\u00f1o lo esfuerza,<br \/>con la losa lo cubr\u00eda,<br \/>rogaba a Dios a su lado<br \/>todas las horas del d\u00eda.<br \/>\u00ab\u00bfC\u00f3mo te va, penitente,<br \/>con tu fuerte compa\u00f1\u00eda?\u00bb<br \/>\u00abYa me come, ya me come,<br \/>por do m\u00e1s pecado hab\u00eda,<br \/>en derecho al coraz\u00f3n,<br \/>fuente de mi gran desdicha\u00bb.<\/p>\n<p>Las campanicas del cielo<br \/>sones hacen de alegr\u00eda;<br \/>las campanas de la tierra<br \/>ellas solas se ta\u00f1\u00edan;<br \/>el alma del penitente<br \/>para los cielos sub\u00eda.<\/p>\n<\/p><\/div>\n","protected":false},"author":1,"menu_order":15,"template":"","meta":{"pb_show_title":null,"pb_short_title":"","pb_subtitle":"","pb_authors":[],"pb_section_license":""},"chapter-type":[],"contributor":[],"license":[],"class_list":["post-45","chapter","type-chapter","status-publish","hentry"],"part":3,"_links":{"self":[{"href":"https:\/\/www.publiconsulting.com\/wordpress\/flornueva\/wp-json\/pressbooks\/v2\/chapters\/45","targetHints":{"allow":["GET"]}}],"collection":[{"href":"https:\/\/www.publiconsulting.com\/wordpress\/flornueva\/wp-json\/pressbooks\/v2\/chapters"}],"about":[{"href":"https:\/\/www.publiconsulting.com\/wordpress\/flornueva\/wp-json\/wp\/v2\/types\/chapter"}],"author":[{"embeddable":true,"href":"https:\/\/www.publiconsulting.com\/wordpress\/flornueva\/wp-json\/wp\/v2\/users\/1"}],"version-history":[{"count":1,"href":"https:\/\/www.publiconsulting.com\/wordpress\/flornueva\/wp-json\/pressbooks\/v2\/chapters\/45\/revisions"}],"predecessor-version":[{"id":173,"href":"https:\/\/www.publiconsulting.com\/wordpress\/flornueva\/wp-json\/pressbooks\/v2\/chapters\/45\/revisions\/173"}],"part":[{"href":"https:\/\/www.publiconsulting.com\/wordpress\/flornueva\/wp-json\/pressbooks\/v2\/parts\/3"}],"metadata":[{"href":"https:\/\/www.publiconsulting.com\/wordpress\/flornueva\/wp-json\/pressbooks\/v2\/chapters\/45\/metadata\/"}],"wp:attachment":[{"href":"https:\/\/www.publiconsulting.com\/wordpress\/flornueva\/wp-json\/wp\/v2\/media?parent=45"}],"wp:term":[{"taxonomy":"chapter-type","embeddable":true,"href":"https:\/\/www.publiconsulting.com\/wordpress\/flornueva\/wp-json\/pressbooks\/v2\/chapter-type?post=45"},{"taxonomy":"contributor","embeddable":true,"href":"https:\/\/www.publiconsulting.com\/wordpress\/flornueva\/wp-json\/wp\/v2\/contributor?post=45"},{"taxonomy":"license","embeddable":true,"href":"https:\/\/www.publiconsulting.com\/wordpress\/flornueva\/wp-json\/wp\/v2\/license?post=45"}],"curies":[{"name":"wp","href":"https:\/\/api.w.org\/{rel}","templated":true}]}}