{"id":53,"date":"2019-07-04T13:09:35","date_gmt":"2019-07-04T11:09:35","guid":{"rendered":"https:\/\/www.publiconsulting.com\/wordpress\/flornueva\/chapter\/bernardo-del-carpio\/"},"modified":"2019-07-04T13:38:50","modified_gmt":"2019-07-04T11:38:50","slug":"bernardo-del-carpio","status":"publish","type":"chapter","link":"https:\/\/www.publiconsulting.com\/wordpress\/flornueva\/chapter\/bernardo-del-carpio\/","title":{"rendered":"Bernardo del Carpio"},"content":{"raw":"\n\n  <h2 title=\"Bernardo del Carpio\">ROMANCE PRIMERO<\/h2>\n\n  <p class=\"titulo\">del nacimiento de Bernardo y prisi\u00f3n del conde don Sancho D\u00edaz<\/p>\n\n  <div class=\"verso1\">\n    <p>En los reinos de Le\u00f3n<br>el Casto Alfonso reinaba;<br>hermosa hermana ten\u00eda,<br>do\u00f1a Jimena se llama.<br>Enamor\u00e1rase de ella<br>ese conde de Salda\u00f1a,<br>mas no viv\u00eda enga\u00f1ado,<br>porque la infanta lo amaba.<br>Muchas veces fueron juntos<br>que nadie lo sospechaba;<br>de las veces que se vieron,<br>la infanta encinta quedaba;<br>de ella naciera un infante<br>como la leche y la grana;<br>Bernardo le puso nombre,<br>por la su desdicha mala;<br>mientras empa\u00f1aba al ni\u00f1o<br>en l\u00e1grimas le ba\u00f1aba:<br>\u00ab\u00bfPara qu\u00e9 naciste, hijo,<br>de madre tan desdichada?<br>Para m\u00ed y para tu padre<br>eres amor y desgracia\u00bb.<br>El buen rey desque lo supo<br>mand\u00f3 en un claustro encerrarla,<br>y mand\u00f3 prender al conde<br>en Luna la torreada.<\/p>\n  <\/div>\n\n","rendered":"<h2 title=\"Bernardo del Carpio\">ROMANCE PRIMERO<\/h2>\n<p class=\"titulo\">del nacimiento de Bernardo y prisi\u00f3n del conde don Sancho D\u00edaz<\/p>\n<div class=\"verso1\">\n<p>En los reinos de Le\u00f3n<br \/>el Casto Alfonso reinaba;<br \/>hermosa hermana ten\u00eda,<br \/>do\u00f1a Jimena se llama.<br \/>Enamor\u00e1rase de ella<br \/>ese conde de Salda\u00f1a,<br \/>mas no viv\u00eda enga\u00f1ado,<br \/>porque la infanta lo amaba.<br \/>Muchas veces fueron juntos<br \/>que nadie lo sospechaba;<br \/>de las veces que se vieron,<br \/>la infanta encinta quedaba;<br \/>de ella naciera un infante<br \/>como la leche y la grana;<br \/>Bernardo le puso nombre,<br \/>por la su desdicha mala;<br \/>mientras empa\u00f1aba al ni\u00f1o<br \/>en l\u00e1grimas le ba\u00f1aba:<br \/>\u00ab\u00bfPara qu\u00e9 naciste, hijo,<br \/>de madre tan desdichada?<br \/>Para m\u00ed y para tu padre<br \/>eres amor y desgracia\u00bb.<br \/>El buen rey desque lo supo<br \/>mand\u00f3 en un claustro encerrarla,<br \/>y mand\u00f3 prender al conde<br \/>en Luna la torreada.<\/p>\n<\/p><\/div>\n","protected":false},"author":1,"menu_order":23,"template":"","meta":{"pb_show_title":null,"pb_short_title":"","pb_subtitle":"","pb_authors":[],"pb_section_license":""},"chapter-type":[],"contributor":[],"license":[],"class_list":["post-53","chapter","type-chapter","status-publish","hentry"],"part":3,"_links":{"self":[{"href":"https:\/\/www.publiconsulting.com\/wordpress\/flornueva\/wp-json\/pressbooks\/v2\/chapters\/53","targetHints":{"allow":["GET"]}}],"collection":[{"href":"https:\/\/www.publiconsulting.com\/wordpress\/flornueva\/wp-json\/pressbooks\/v2\/chapters"}],"about":[{"href":"https:\/\/www.publiconsulting.com\/wordpress\/flornueva\/wp-json\/wp\/v2\/types\/chapter"}],"author":[{"embeddable":true,"href":"https:\/\/www.publiconsulting.com\/wordpress\/flornueva\/wp-json\/wp\/v2\/users\/1"}],"version-history":[{"count":1,"href":"https:\/\/www.publiconsulting.com\/wordpress\/flornueva\/wp-json\/pressbooks\/v2\/chapters\/53\/revisions"}],"predecessor-version":[{"id":181,"href":"https:\/\/www.publiconsulting.com\/wordpress\/flornueva\/wp-json\/pressbooks\/v2\/chapters\/53\/revisions\/181"}],"part":[{"href":"https:\/\/www.publiconsulting.com\/wordpress\/flornueva\/wp-json\/pressbooks\/v2\/parts\/3"}],"metadata":[{"href":"https:\/\/www.publiconsulting.com\/wordpress\/flornueva\/wp-json\/pressbooks\/v2\/chapters\/53\/metadata\/"}],"wp:attachment":[{"href":"https:\/\/www.publiconsulting.com\/wordpress\/flornueva\/wp-json\/wp\/v2\/media?parent=53"}],"wp:term":[{"taxonomy":"chapter-type","embeddable":true,"href":"https:\/\/www.publiconsulting.com\/wordpress\/flornueva\/wp-json\/pressbooks\/v2\/chapter-type?post=53"},{"taxonomy":"contributor","embeddable":true,"href":"https:\/\/www.publiconsulting.com\/wordpress\/flornueva\/wp-json\/wp\/v2\/contributor?post=53"},{"taxonomy":"license","embeddable":true,"href":"https:\/\/www.publiconsulting.com\/wordpress\/flornueva\/wp-json\/wp\/v2\/license?post=53"}],"curies":[{"name":"wp","href":"https:\/\/api.w.org\/{rel}","templated":true}]}}