{"id":88,"date":"2019-07-04T13:09:36","date_gmt":"2019-07-04T11:09:36","guid":{"rendered":"https:\/\/www.publiconsulting.com\/wordpress\/flornueva\/chapter\/romance-setimo-3\/"},"modified":"2019-07-04T13:40:09","modified_gmt":"2019-07-04T11:40:09","slug":"romance-setimo-3","status":"publish","type":"chapter","link":"https:\/\/www.publiconsulting.com\/wordpress\/flornueva\/chapter\/romance-setimo-3\/","title":{"rendered":"Romance s\u00e9timo"},"content":{"raw":"\n\n  <h2 class=\"sigil_not_in_toc\">ROMANCE S\u00c9TIMO<\/h2>\n\n  <p class=\"titulo\">del singular concilio habido en la ciudad de Roma<\/p>\n\n  <div class=\"verso1\">\n    <p>A concilio dentro en Roma<br>el Padre Santo ha llamado;<br>por obedecer al Papa<br>all\u00e1 fue el rey don Fernando;<br>con \u00e9l iba el Cid Ruy D\u00edaz,<br>muchos se\u00f1ores de estado.<br>Por sus jornadas contadas<br>en Roma se han apeado;<br>el rey, con gran cortes\u00eda,<br>al Papa bes\u00f3 la mano;<br>no lo quiso hacer el Cid,<br>que no lo hab\u00eda acostumbrado.<\/p>\n\n    <p>En la iglesia de San Pedro<br>don Rodrigo hab\u00eda entrado,<br>viera estar las siete sillas<br>de siete reyes cristianos;<br>viera la del rey de Francia<br>junto a la del Padre Santo,<br>y la del rey su se\u00f1or<br>un estado m\u00e1s abajo.<br>Vase a la del rey de Francia,<br>con el pie la ha derribado;<br>la silla de oro y marfil<br>hecho la ha cuatro pedazos;<br>tomara la de su rey<br>y subi\u00f3la en lo m\u00e1s alto.<br>Habl\u00f3 all\u00ed un honrado duque,<br>que dicen el Saboyano;<br>\u2014\u00a1Maldito seas, Rodrigo,<br>del Papa descomulgado,<br>porque deshonraste un rey,<br>el mejor y m\u00e1s preciado!<br>\u2014Dejemos los reyes, duque,<br>ellos son buenos y honrados,<br>hay\u00e1moslo los dos solos<br>como muy buenos vasallos,<br>Y alleg\u00f3se cabe el duque,<br>un gran bofet\u00f3n le ha dado.<br>El Papa cuando lo supo,<br>al Cid ha descomulgado;<br>oy\u00e9ndolo don Rodrigo<br>ante el Papa se ha postrado:<br>\u2014Si no me absolv\u00e9is, el Papa,<br>ser\u00edaos mal contado,<br>que de vuestras ricas ropas<br>cubrir\u00e9 yo mi caballo.<br>El Papa, padre piadoso,<br>tal respuesta le hubo dado:<br>\u2014Yo te absuelvo, don Rodrigo<br>absu\u00e9lvote de buen grado,<br>con que seas en mi corte<br>m\u00e1s cort\u00e9s y mesurado.<\/p>\n  <\/div>\n\n","rendered":"<h2 class=\"sigil_not_in_toc\">ROMANCE S\u00c9TIMO<\/h2>\n<p class=\"titulo\">del singular concilio habido en la ciudad de Roma<\/p>\n<div class=\"verso1\">\n<p>A concilio dentro en Roma<br \/>el Padre Santo ha llamado;<br \/>por obedecer al Papa<br \/>all\u00e1 fue el rey don Fernando;<br \/>con \u00e9l iba el Cid Ruy D\u00edaz,<br \/>muchos se\u00f1ores de estado.<br \/>Por sus jornadas contadas<br \/>en Roma se han apeado;<br \/>el rey, con gran cortes\u00eda,<br \/>al Papa bes\u00f3 la mano;<br \/>no lo quiso hacer el Cid,<br \/>que no lo hab\u00eda acostumbrado.<\/p>\n<p>En la iglesia de San Pedro<br \/>don Rodrigo hab\u00eda entrado,<br \/>viera estar las siete sillas<br \/>de siete reyes cristianos;<br \/>viera la del rey de Francia<br \/>junto a la del Padre Santo,<br \/>y la del rey su se\u00f1or<br \/>un estado m\u00e1s abajo.<br \/>Vase a la del rey de Francia,<br \/>con el pie la ha derribado;<br \/>la silla de oro y marfil<br \/>hecho la ha cuatro pedazos;<br \/>tomara la de su rey<br \/>y subi\u00f3la en lo m\u00e1s alto.<br \/>Habl\u00f3 all\u00ed un honrado duque,<br \/>que dicen el Saboyano;<br \/>\u2014\u00a1Maldito seas, Rodrigo,<br \/>del Papa descomulgado,<br \/>porque deshonraste un rey,<br \/>el mejor y m\u00e1s preciado!<br \/>\u2014Dejemos los reyes, duque,<br \/>ellos son buenos y honrados,<br \/>hay\u00e1moslo los dos solos<br \/>como muy buenos vasallos,<br \/>Y alleg\u00f3se cabe el duque,<br \/>un gran bofet\u00f3n le ha dado.<br \/>El Papa cuando lo supo,<br \/>al Cid ha descomulgado;<br \/>oy\u00e9ndolo don Rodrigo<br \/>ante el Papa se ha postrado:<br \/>\u2014Si no me absolv\u00e9is, el Papa,<br \/>ser\u00edaos mal contado,<br \/>que de vuestras ricas ropas<br \/>cubrir\u00e9 yo mi caballo.<br \/>El Papa, padre piadoso,<br \/>tal respuesta le hubo dado:<br \/>\u2014Yo te absuelvo, don Rodrigo<br \/>absu\u00e9lvote de buen grado,<br \/>con que seas en mi corte<br \/>m\u00e1s cort\u00e9s y mesurado.<\/p>\n<\/p><\/div>\n","protected":false},"author":1,"menu_order":58,"template":"","meta":{"pb_show_title":null,"pb_short_title":"","pb_subtitle":"","pb_authors":[],"pb_section_license":""},"chapter-type":[],"contributor":[],"license":[],"class_list":["post-88","chapter","type-chapter","status-publish","hentry"],"part":3,"_links":{"self":[{"href":"https:\/\/www.publiconsulting.com\/wordpress\/flornueva\/wp-json\/pressbooks\/v2\/chapters\/88","targetHints":{"allow":["GET"]}}],"collection":[{"href":"https:\/\/www.publiconsulting.com\/wordpress\/flornueva\/wp-json\/pressbooks\/v2\/chapters"}],"about":[{"href":"https:\/\/www.publiconsulting.com\/wordpress\/flornueva\/wp-json\/wp\/v2\/types\/chapter"}],"author":[{"embeddable":true,"href":"https:\/\/www.publiconsulting.com\/wordpress\/flornueva\/wp-json\/wp\/v2\/users\/1"}],"version-history":[{"count":1,"href":"https:\/\/www.publiconsulting.com\/wordpress\/flornueva\/wp-json\/pressbooks\/v2\/chapters\/88\/revisions"}],"predecessor-version":[{"id":215,"href":"https:\/\/www.publiconsulting.com\/wordpress\/flornueva\/wp-json\/pressbooks\/v2\/chapters\/88\/revisions\/215"}],"part":[{"href":"https:\/\/www.publiconsulting.com\/wordpress\/flornueva\/wp-json\/pressbooks\/v2\/parts\/3"}],"metadata":[{"href":"https:\/\/www.publiconsulting.com\/wordpress\/flornueva\/wp-json\/pressbooks\/v2\/chapters\/88\/metadata\/"}],"wp:attachment":[{"href":"https:\/\/www.publiconsulting.com\/wordpress\/flornueva\/wp-json\/wp\/v2\/media?parent=88"}],"wp:term":[{"taxonomy":"chapter-type","embeddable":true,"href":"https:\/\/www.publiconsulting.com\/wordpress\/flornueva\/wp-json\/pressbooks\/v2\/chapter-type?post=88"},{"taxonomy":"contributor","embeddable":true,"href":"https:\/\/www.publiconsulting.com\/wordpress\/flornueva\/wp-json\/wp\/v2\/contributor?post=88"},{"taxonomy":"license","embeddable":true,"href":"https:\/\/www.publiconsulting.com\/wordpress\/flornueva\/wp-json\/wp\/v2\/license?post=88"}],"curies":[{"name":"wp","href":"https:\/\/api.w.org\/{rel}","templated":true}]}}