{"id":30,"date":"2019-07-04T13:09:35","date_gmt":"2019-07-04T11:09:35","guid":{"rendered":"https:\/\/www.publiconsulting.com\/wordpress\/flornueva\/front-matter\/proemio\/"},"modified":"2019-07-04T13:37:47","modified_gmt":"2019-07-04T11:37:47","slug":"proemio","status":"publish","type":"front-matter","link":"https:\/\/www.publiconsulting.com\/wordpress\/flornueva\/front-matter\/proemio\/","title":{"rendered":"Proemio"},"content":{"raw":"\n\n  <h1 title=\"Proemio\">PROEMIO<\/h1>\n\n  <div class=\"cursiva\">\n    <p>Espa\u00f1a es el pa\u00eds del Romancero, se ha dicho; pero \u00bfes esto verdad?<\/p>\n\n    <p>Los romances son poemas \u00e9pico-l\u00edricos breves que se cantan al son de un instrumento, sea en danzas corales, sea en reuniones tenidas para recreo simplemente o para el trabajo en com\u00fan. Pero esto no es nada especial en Espa\u00f1a; otros pa\u00edses tienen narraciones \u00e9pico-l\u00edricas muy an\u00e1logas. Las francesas, por ejemplo, son tan semejantes, que varios de los editores modernos adoptan el hispanismo <cite>Romancero<\/cite> para denominar las colecciones de cantos de Champa\u00f1a, de Forez o de Francia en general; las baladas inglesas y escocesas han sido tenidas por cong\u00e9neres de los romances desde Percy, desde Southey y Longfellow hasta hoy; comparables son a nuestros romances las viser de Suecia y Dinamarca, los cantos narrativos del norte de Italia, de Alemania, de Servia, de Grecia, de Finlandia\u2026, y, sin embargo, Espa\u00f1a es el pa\u00eds del Romancero. El extra\u00f1o que recorre la Pen\u00ednsula debe traer en su maleta, seg\u00fan consejo de cierto viajero entendido, un <cite>Romancero<\/cite> y un <cite>Quijote<\/cite>, si quiere sentir y comprender bien el pa\u00eds que visita. \u00bfPor qu\u00e9, pues, de tal modo los romances son una creaci\u00f3n literaria original y representativa del pueblo donde nacieron, mucho m\u00e1s que lo puedan ser los cantos \u00e9pico-l\u00edricos de otros pa\u00edses?<\/p>\n  <\/div>\n\n","rendered":"<h1 title=\"Proemio\">PROEMIO<\/h1>\n<div class=\"cursiva\">\n<p>Espa\u00f1a es el pa\u00eds del Romancero, se ha dicho; pero \u00bfes esto verdad?<\/p>\n<p>Los romances son poemas \u00e9pico-l\u00edricos breves que se cantan al son de un instrumento, sea en danzas corales, sea en reuniones tenidas para recreo simplemente o para el trabajo en com\u00fan. Pero esto no es nada especial en Espa\u00f1a; otros pa\u00edses tienen narraciones \u00e9pico-l\u00edricas muy an\u00e1logas. Las francesas, por ejemplo, son tan semejantes, que varios de los editores modernos adoptan el hispanismo <cite>Romancero<\/cite> para denominar las colecciones de cantos de Champa\u00f1a, de Forez o de Francia en general; las baladas inglesas y escocesas han sido tenidas por cong\u00e9neres de los romances desde Percy, desde Southey y Longfellow hasta hoy; comparables son a nuestros romances las viser de Suecia y Dinamarca, los cantos narrativos del norte de Italia, de Alemania, de Servia, de Grecia, de Finlandia\u2026, y, sin embargo, Espa\u00f1a es el pa\u00eds del Romancero. El extra\u00f1o que recorre la Pen\u00ednsula debe traer en su maleta, seg\u00fan consejo de cierto viajero entendido, un <cite>Romancero<\/cite> y un <cite>Quijote<\/cite>, si quiere sentir y comprender bien el pa\u00eds que visita. \u00bfPor qu\u00e9, pues, de tal modo los romances son una creaci\u00f3n literaria original y representativa del pueblo donde nacieron, mucho m\u00e1s que lo puedan ser los cantos \u00e9pico-l\u00edricos de otros pa\u00edses?<\/p>\n<\/p><\/div>\n","protected":false},"author":1,"menu_order":3,"template":"","meta":{"pb_show_title":null,"pb_short_title":"","pb_subtitle":"","pb_authors":[],"pb_section_license":""},"front-matter-type":[],"contributor":[],"license":[],"class_list":["post-30","front-matter","type-front-matter","status-publish","hentry"],"_links":{"self":[{"href":"https:\/\/www.publiconsulting.com\/wordpress\/flornueva\/wp-json\/pressbooks\/v2\/front-matter\/30","targetHints":{"allow":["GET"]}}],"collection":[{"href":"https:\/\/www.publiconsulting.com\/wordpress\/flornueva\/wp-json\/pressbooks\/v2\/front-matter"}],"about":[{"href":"https:\/\/www.publiconsulting.com\/wordpress\/flornueva\/wp-json\/wp\/v2\/types\/front-matter"}],"author":[{"embeddable":true,"href":"https:\/\/www.publiconsulting.com\/wordpress\/flornueva\/wp-json\/wp\/v2\/users\/1"}],"version-history":[{"count":1,"href":"https:\/\/www.publiconsulting.com\/wordpress\/flornueva\/wp-json\/pressbooks\/v2\/front-matter\/30\/revisions"}],"predecessor-version":[{"id":158,"href":"https:\/\/www.publiconsulting.com\/wordpress\/flornueva\/wp-json\/pressbooks\/v2\/front-matter\/30\/revisions\/158"}],"metadata":[{"href":"https:\/\/www.publiconsulting.com\/wordpress\/flornueva\/wp-json\/pressbooks\/v2\/front-matter\/30\/metadata\/"}],"wp:attachment":[{"href":"https:\/\/www.publiconsulting.com\/wordpress\/flornueva\/wp-json\/wp\/v2\/media?parent=30"}],"wp:term":[{"taxonomy":"front-matter-type","embeddable":true,"href":"https:\/\/www.publiconsulting.com\/wordpress\/flornueva\/wp-json\/pressbooks\/v2\/front-matter-type?post=30"},{"taxonomy":"contributor","embeddable":true,"href":"https:\/\/www.publiconsulting.com\/wordpress\/flornueva\/wp-json\/wp\/v2\/contributor?post=30"},{"taxonomy":"license","embeddable":true,"href":"https:\/\/www.publiconsulting.com\/wordpress\/flornueva\/wp-json\/wp\/v2\/license?post=30"}],"curies":[{"name":"wp","href":"https:\/\/api.w.org\/{rel}","templated":true}]}}