{"id":322,"date":"2018-03-31T13:08:20","date_gmt":"2018-03-31T13:08:20","guid":{"rendered":"http:\/\/www.publiconsulting.com\/wordpress\/naples\/?post_type=chapter&#038;p=322"},"modified":"2018-10-09T17:06:04","modified_gmt":"2018-10-09T17:06:04","slug":"plaza-del-plebiscito","status":"publish","type":"chapter","link":"https:\/\/www.publiconsulting.com\/wordpress\/naples\/chapter\/plaza-del-plebiscito\/","title":{"rendered":"Plaza del Plebiscito"},"content":{"raw":"<strong>Historia\u00a0<\/strong>\r\n\r\nLa plaza del Plebiscito es uno de los lugares m\u00e1s armoniosos de N\u00e1poles.\r\n\r\n<img src=\"http:\/\/www.publiconsulting.com\/wordpress\/naples\/wp-content\/uploads\/sites\/67\/2018\/03\/napoli_piazza_plebiscito_01.jpg\" alt=\"\" width=\"640\" height=\"336\" class=\"alignnone size-full wp-image-325\" \/>\r\n\r\nEst\u00e1s al final de la elegante via Toledo, en la grandiosa plaza que, con sus veinticinco mil metros cuadrados y su amplio p\u00f3rtico semicircular, supone un espacio inesperado en el coraz\u00f3n de una ciudad con un urbanismo notablemente congestionado. Creada a finales del siglo XVIII en el \u00e1mbito de un proyecto urbano de estilo neocl\u00e1sico, es el escenario fundamental de los grandes eventos populares de la ciudad.\r\n\r\nPara tener una visi\u00f3n de conjunto de la plaza te aconsejo que te dirijas hacia su centro, aproximadamente a la altura de los dos palacios gemelos, es decir, el <strong>Palacio Salerno<\/strong>, que mira al mar, y el <strong>Palacio de la Prefectura<\/strong>, que mira hacia el interior.\r\n\r\n<img src=\"http:\/\/www.publiconsulting.com\/wordpress\/naples\/wp-content\/uploads\/sites\/67\/2018\/03\/Piazza_del_Plebiscito_dal_colonnato_della_basilica.jpg\" alt=\"\" width=\"640\" height=\"480\" class=\"alignnone size-full wp-image-485\" \/>\r\n<p style=\"text-align: center;\"><em>El Palacio Real y el Palacio Salerno desde la columnata, con el Vesubio al fondo<\/em><\/p>\r\nDando la espalda al <strong>Palacio Real<\/strong>, tienes ante ti la <strong>Bas\u00edlica de San Francisco de Paula<\/strong>, neocl\u00e1sica, con su fachada de ocho columnas y c\u00fapula central flanqueada por dos c\u00fapulas menores. En el espacio rodeado por la columnata semicircular puedes ver las estatuas a caballo del <em>rey <a href=\"https:\/\/es.wikipedia.org\/wiki\/Carlos_III_de_Espa\u00f1a\">Carlos III<\/a><\/em>, a la derecha, y de su hijo <a href=\"https:\/\/es.wikipedia.org\/wiki\/Fernando_I_de_las_Dos_Sicilias\"><em>Fernando I<\/em><\/a>, a la izquierda: la primera es del gran escultor del siglo XVIII Antonio Canova y la segunda fue dise\u00f1ada por \u00e9l y completada por un disc\u00edpulo suyo.\r\n\r\n\u00bfY el nombre de \"plaza Plebiscito\"? Se refiere al <a href=\"https:\/\/es.wikipedia.org\/wiki\/Reino_de_las_Dos_Sicilias\">plebiscito<\/a> por el que en 1860 el Reino de las Dos Sicilias se anexion\u00f3 al Reino de Piamonte-Cerde\u00f1a, que luego se convertir\u00eda en el Reino de Italia.\r\n\r\nLa forma actual de la plaza, muy pintoresca, consiste en un semic\u00edrculo unido a un rect\u00e1ngulo, y es el resultado de varias remodelaciones realizadas a lo largo de los siglos, a partir del XVII.\r\n\r\nHasta finales del XVI se trataba de una explanada de tierra batida utilizada para las fiestas populares. Nivelada para edificar el Palacio Real, se convirti\u00f3 posteriormente en el nuevo centro neur\u00e1lgico de la ciudad, y en punto de encuentro de la nobleza de la \u00e9poca, que hasta entonces hab\u00eda sido reacia a explayarse m\u00e1s all\u00e1 de los l\u00edmites del centro hist\u00f3rico.\r\n\r\nCURIOSIDAD: hay un juego muy extendido entre los napolitanos y turistas que visitan la plaza del Plebiscito. Se trata de atravesar la plaza con los ojos vendados, partiendo de la puerta del <strong>Palacio Real\u00a0<\/strong>y pasando entre los dos caballos. Hasta ahora nadie lo ha conseguido.\r\n\r\n<strong>Bas\u00edlica de San Francisco de Paula<\/strong>\r\n\r\n<a href=\"https:\/\/www.youtube.com\/watch?v=ns8v1bmeGXY\"><img src=\"http:\/\/www.publiconsulting.com\/wordpress\/naples\/wp-content\/uploads\/sites\/67\/2018\/03\/napoli_piazza_plebiscito_02.jpg\" alt=\"\" width=\"640\" height=\"336\" class=\"alignnone size-full wp-image-327\" \/><\/a>\r\n\r\nPor su tama\u00f1o y su espectacular arquitectura, la plaza del Plebiscito es escenario privilegiado de eventos pol\u00edticos, sociales y culturales, entre ellos, s\u00f3lo por mencionar uno de los m\u00e1s emocionantes, la ceremonia organizada para el funeral del querido cantante napolitano Pino Daniele. Durante la \u00e9poca de Navidad, sin embargo, el espacio monumental hace de marco a las creaciones de artistas contempor\u00e1neos, siempre muy discutidas y sorprendentes.\r\n\r\nTe cuento ahora la historia de esta plaza, que como te dec\u00eda se concibi\u00f3 con un estilo neocl\u00e1sico. A principios del siglo XIX, cuando Napole\u00f3n puso en el trono de N\u00e1poles a su cu\u00f1ado Joaqu\u00edn Murat, este espacio p\u00fablico se reorganiz\u00f3 finalmente de una forma m\u00e1s racional. Gracias a la demolici\u00f3n de varios conventos que se alzaban en este lugar se cre\u00f3 el \"Foro de Joaqu\u00edn\", un emplazamiento monumental que servir\u00eda, entre otras cosas, para celebrar los fastos de la dinast\u00eda de Napole\u00f3n. A continuaci\u00f3n se construyeron los dos palacios gemelos que puedes ver uno frente al otro: uno era la sede de los Ministros de Estado y el otro del Ministerio de Asuntos Exteriores.\r\n\r\nDespu\u00e9s de la ca\u00edda de Napole\u00f3n, los Borbones volvieron al poder y la plaza cambi\u00f3 su car\u00e1cter. El rey <a href=\"https:\/\/es.wikipedia.org\/wiki\/Fernando_I_de_las_Dos_Sicilias\">Fernando IV<\/a> le devolvi\u00f3 su car\u00e1cter religioso mandando erigir la iglesia de <a href=\"https:\/\/www.youtube.com\/watch?v=YAzavmjP7-Q\"><strong>San Francisco de Paula<\/strong><\/a>, inspirada en el <a href=\"https:\/\/es.wikipedia.org\/wiki\/Pante\u00f3n_de_Agripa\">Pante\u00f3n de Agripa de Roma<\/a>, precedida por un p\u00f3rtico semicircular entorno a la entrada. Y as\u00ed, en 1846, se inaugur\u00f3 solemnemente de nuevo con el nombre de \"plaza Ferdinandea\" o \"de San Francesco di Paola\", en honor al santo que seg\u00fan el rey hab\u00eda propiciado su regreso al trono.\r\n\r\nSi entras en la <a href=\"https:\/\/www.youtube.com\/watch?v=4CYj13vrIHQ\">iglesia<\/a> podr\u00e1s comprobar que el interior tambi\u00e9n est\u00e1 inspirado en el Pante\u00f3n, con un \u00fanico e inmenso espacio circular, la c\u00fapula con nichos cuadrados llamados casetones y la gran ventana redonda en la parte superior. Te sugiero que contemples el hermoso suelo de m\u00e1rmoles de colores, la decoraci\u00f3n decimon\u00f3nica y las obras de arte y el mobiliario procedentes de iglesias demolidas o modificadas en siglos anteriores.\r\n\r\nEn particular te se\u00f1alo el altar mayor, realizado a mediados del siglo XVIII en p\u00f3rfido, con incrustaciones de antiguas piedras preciosas, como \u00e1gatas y lapisl\u00e1zulis.\r\n\r\nCURIOSIDAD: una de las dos estatuas de la plaza, la de Carlos III de Borb\u00f3n a caballo, tiene una historia curiosa. En un principio deber\u00eda haber sido una estatua de Napole\u00f3n, pero antes de estar terminada los Borbones regresaron al trono. Y al rey le disgustaba la idea de tener que deshacerse de todo el grupo, as\u00ed que orden\u00f3 destruir s\u00f3lo la estatua del emperador, salvando al caballo. Por lo que ahora Carlos III se encuentra subido al caballo de Napole\u00f3n.\r\n\r\n<strong>Palacio Real, exterior<\/strong>\r\n\r\n<a href=\"https:\/\/www.youtube.com\/watch?v=Ba0KmNbjZYo&amp;t=27s\"><img src=\"http:\/\/www.publiconsulting.com\/wordpress\/naples\/wp-content\/uploads\/sites\/67\/2018\/03\/Palazzo_reale.jpg\" alt=\"\" width=\"640\" height=\"359\" class=\"alignnone size-full wp-image-483\" \/><\/a>\r\n\r\nEl <strong>Palacio Real<\/strong>, que dirige su larga fachada principal hacia la plaza del Plebiscito: es uno de los edificios m\u00e1s importantes de la historia pol\u00edtica de N\u00e1poles, pues est\u00e1 vinculado a la administraci\u00f3n espa\u00f1ola, primero con los virreyes, o funcionarios reales, y luego con la dinast\u00eda reinante de los Borbones.\r\n\r\nDurante la segunda mitad del siglo XVI, los virreyes espa\u00f1oles hab\u00edan desarrollado iniciativas urban\u00edsticas y arquitect\u00f3nicas destinadas a dejar su impronta en la ciudad: por ejemplo con los famosos \"Quartieri Spagnoli\", en las proximidades del centro hist\u00f3rico, y que serv\u00edan de residencia a las tropas. La idea del palacio surgi\u00f3 a mediados del siglo XVI, debido a la necesidad de tener una sede, digna del rango de la corona de Espa\u00f1a, en la que acoger al rey Felipe III, quien sin embargo muri\u00f3 sin haber visto nunca N\u00e1poles.\r\n\r\nEl <strong>Palacio Real<\/strong> se inici\u00f3 en el a\u00f1o 1600 seg\u00fan un proyecto del arquitecto\u00a0<a href=\"https:\/\/es.wikipedia.org\/wiki\/Domenico_Fontana\">Domenico Fontana<\/a>, gran protagonista de la renovaci\u00f3n urbana de Roma en a\u00f1os anteriores. Como ves, el edificio aprovecha por completo la anchura de la plaza, lugar perfecto para los desfiles militares, y se concibi\u00f3 como un solemne complejo tardorrenacentista. Pronto se convirti\u00f3 en punto de referencia para el desarrollo de esta zona, encontrando continuidad poco despu\u00e9s con la apertura de la Universidad, en el extremo opuesto de via Toledo, en el edificio que actualmente alberga el <a href=\"http:\/\/www.publiconsulting.com\/wordpress\/naples\/chapter\/museo-arqueologico\/\"><strong>Museo Arqueol\u00f3gico Nacional<\/strong><\/a>.\r\n\r\nLa fachada tiene dos plantas superiores y un p\u00f3rtico que da a un patio de honores. En la parte posterior, que da al mar, podr\u00e1s visitar sus hermosos jardines, conectados con el <a href=\"http:\/\/www.publiconsulting.com\/wordpress\/naples\/chapter\/castillo-maschio-angioino\/\"><strong>Castel Nuovo<\/strong><\/a> a trav\u00e9s de un puente del siglo XVII colocado sobre el antiguo foso.\r\n\r\n<img src=\"http:\/\/www.publiconsulting.com\/wordpress\/naples\/wp-content\/uploads\/sites\/67\/2018\/03\/puentefoso.png\" alt=\"\" width=\"640\" height=\"348\" class=\"alignnone size-full wp-image-478\" \/>\r\n\r\nAunque con el paso de los siglos el palacio ha sufrido diversas restauraciones y modificaciones, ha conservado sustancialmente su aspecto original, puesto en riesgo posteriormente por los bombardeos de la Segunda Guerra Mundial y por el hecho de ser utilizado como club de oficiales por las fuerzas aliadas. El mayor cambio lo ha sufrido la fachada, que originalmente estaba recorrida en su totalidad por un p\u00f3rtico. En el siglo XIX se decidi\u00f3 introducir en las hornacinas las estatuas de los soberanos que reinaron sobre N\u00e1poles y la Italia meridional.\r\n\r\n<img src=\"http:\/\/www.publiconsulting.com\/wordpress\/naples\/wp-content\/uploads\/sites\/67\/2018\/03\/carlosv.jpg\" alt=\"\" width=\"320\" height=\"480\" class=\"size-full wp-image-480\" \/>\r\n<p style=\"text-align: center;\"><em>Estatua de Carlos V<\/em><\/p>\r\nCURIOSIDAD: entre las estatuas de los reyes realizadas a finales del XIX destaca la de Carlos V, obra del escultor napolitano <a href=\"https:\/\/es.wikipedia.org\/wiki\/Vincenzo_Gemito\">Vincenzo Gemito<\/a>. El artista estaba literalmente obsesionado con la figura del emperador: de noche lo o\u00eda murmurar y moverse, y lleg\u00f3 a lanzar piedras contra su estatua. Gemito termin\u00f3 as\u00ed en un hogar de acogida para enfermos mentales, del que se fug\u00f3 despu\u00e9s de pasar dos a\u00f1os recuper\u00e1ndose. <em>Nota del editor<\/em>: seg\u00fan la Wikipedia la historia es otra: el encargo era una estatua de Carlos V en\u00a0m\u00e1rmol, que era el material menos querido por Gemito, y el resultado del trabajo fue, en su opini\u00f3n y tambi\u00e9n de la cr\u00edtica, por debajo de su capacidad. Gemito sufri\u00f3 una crisis nerviosa y se recluy\u00f3 en un apartamento de un dormitorio, y pas\u00f3 tambi\u00e9n per\u00edodos de hospitalizaci\u00f3n en un psiqui\u00e1trico. Durante los siguientes 21 a\u00f1os, produjo solo dibujos mientras permaneci\u00f3 ingresado, hasta que en 1909 comenz\u00f3 a esculpir de nuevo. Esta fase de su arte fue, de hecho, entre la m\u00e1s apreciada por los cr\u00edticos modernos y contempor\u00e1neos.\u00a0En los \u00faltimos a\u00f1os, Gemito se dedic\u00f3 a la orfebrer\u00eda en oro y plata, y sus obras son muy admiradas en la actualidad.\r\n\r\n<strong>Palacio Real, interior<\/strong>\r\n\r\n<img src=\"http:\/\/www.publiconsulting.com\/wordpress\/naples\/wp-content\/uploads\/sites\/67\/2018\/03\/napoli_piazza_plebiscito_04.jpg\" alt=\"\" width=\"640\" height=\"336\" class=\"alignnone size-full wp-image-333\" \/>\r\n\r\nEl estilo de la decoraci\u00f3n se corresponde con las tres \u00e9pocas principales de la historia del palacio: lugar de representaci\u00f3n de los virreyes desde el siglo XVII, a continuaci\u00f3n aposentos privados de los Borbones y <a href=\"https:\/\/es.wikipedia.org\/wiki\/Joaqu%C3%ADn_Murat\">Joaqu\u00edn Murat<\/a>\u00a0(cu\u00f1ado de Napole\u00f3n, mariscal de Francia y rey de N\u00e1poles entre 1808 y 1815) entre los siglos XVIII y XIX, y por \u00faltimo, residencia de los Saboya. Precisamente aqu\u00ed naci\u00f3 <a href=\"https:\/\/es.wikipedia.org\/wiki\/V%C3%ADctor_Manuel_III_de_Italia\">V\u00edctor Manuel III<\/a>, el rey de Italia que reinar\u00eda durante m\u00e1s tiempo, desde 1900 hasta despu\u00e9s del final de la Segunda Guerra Mundial. Como ver\u00e1s, el estilo predominante es el neocl\u00e1sico, aunque alberga una gran cantidad de cuadros del siglo XVII y varios muebles y tapices procedentes de Par\u00eds y Parma.\r\n\r\nA los aposentos reales llegas desde el patio de honores, subiendo la suntuosa escalinata, que fue reformada a mediados del siglo XIX despu\u00e9s de que el palacio fuera devastado por un incendio. Los m\u00e1rmoles con los que est\u00e1 revestida la escalera no son un simple adorno decorativo, sino que tienen un valor simb\u00f3lico: de hecho, proceden exclusivamente de canteras del <a href=\"https:\/\/es.wikipedia.org\/wiki\/Reino_de_las_Dos_Sicilias\">Reino de las Dos Sicilias<\/a>.\r\n\r\nEn la parte superior de la escalinata encontrar\u00e1s un pasillo que recorre todo el patio y te da acceso a las diferentes partes: los aposentos privados de los soberanos, el peque\u00f1o teatro de la corte, la capilla, etc.\r\n\r\nEl recorrido incluye hasta treinta estancias monumentales decoradas. Entre las m\u00e1s llamativas te recomiendo, siguiendo el orden de tu visita, el exquisito <a href=\"https:\/\/es.wikipedia.org\/wiki\/Palacio_Real_de_N\u00e1poles#\/media\/File:Teatrino_di_Corte_(Palazzo_Reale_di_Napoli)_001.jpg\">Teatro de la Corte<\/a>, realizado a mediados del siglo XVIII; la decimon\u00f3nica <a href=\"https:\/\/es.wikipedia.org\/wiki\/Palacio_Real_de_N\u00e1poles#\/media\/File:Napoli_-_Palazzo_Reale3.jpg\">Sala del Trono<\/a>; la Sala del Gran Capit\u00e1n, con un retrato atribuido a Tiziano; y el estudio personal del rey, decorado con muebles parisinos realizados para Napole\u00f3n.\r\n\r\nEn los aposentos de la reina, presta especial atenci\u00f3n a la Sala de los Paisajes y a la Primera sala de estar, ambas con excelentes pinturas del siglo XVII.\r\n\r\nLa visita termina con el enorme Sal\u00f3n de H\u00e9rcules y con la Capilla Palatina, donde ver\u00e1s una especialidad napolitana: un gran bel\u00e9n con m\u00e1s de 300 estatuillas.\r\n\r\nCURIOSIDAD: en el Aposento de las Fiestas, construido a mediados del siglo XIX en un ala del Palacio Real, puedes visitar la Biblioteca Nacional, con cerca de dos millones de vol\u00famenes, incluidos rollos de papiro realmente inestimables y muy delicados: de hecho, se encontraron carbonizados en una villa de Herculano, que qued\u00f3 sepultada por la famosa erupci\u00f3n del Vesubio del 79 despu\u00e9s de Cristo.\r\n\r\nVisita en video al Palacio Real:\r\n\r\nhttps:\/\/youtu.be\/w13j47_dZeU","rendered":"<p><strong>Historia\u00a0<\/strong><\/p>\n<p>La plaza del Plebiscito es uno de los lugares m\u00e1s armoniosos de N\u00e1poles.<\/p>\n<p><img loading=\"lazy\" decoding=\"async\" src=\"\/\/www.publiconsulting.com\/wordpress\/naples\/wp-content\/uploads\/sites\/67\/2018\/03\/napoli_piazza_plebiscito_01.jpg\" alt=\"\" width=\"640\" height=\"336\" class=\"alignnone size-full wp-image-325\" srcset=\"https:\/\/www.publiconsulting.com\/wordpress\/naples\/wp-content\/uploads\/sites\/67\/2018\/03\/napoli_piazza_plebiscito_01.jpg 640w, https:\/\/www.publiconsulting.com\/wordpress\/naples\/wp-content\/uploads\/sites\/67\/2018\/03\/napoli_piazza_plebiscito_01-300x158.jpg 300w, https:\/\/www.publiconsulting.com\/wordpress\/naples\/wp-content\/uploads\/sites\/67\/2018\/03\/napoli_piazza_plebiscito_01-65x34.jpg 65w, https:\/\/www.publiconsulting.com\/wordpress\/naples\/wp-content\/uploads\/sites\/67\/2018\/03\/napoli_piazza_plebiscito_01-225x118.jpg 225w, https:\/\/www.publiconsulting.com\/wordpress\/naples\/wp-content\/uploads\/sites\/67\/2018\/03\/napoli_piazza_plebiscito_01-350x184.jpg 350w\" sizes=\"auto, (max-width: 640px) 100vw, 640px\" \/><\/p>\n<p>Est\u00e1s al final de la elegante via Toledo, en la grandiosa plaza que, con sus veinticinco mil metros cuadrados y su amplio p\u00f3rtico semicircular, supone un espacio inesperado en el coraz\u00f3n de una ciudad con un urbanismo notablemente congestionado. Creada a finales del siglo XVIII en el \u00e1mbito de un proyecto urbano de estilo neocl\u00e1sico, es el escenario fundamental de los grandes eventos populares de la ciudad.<\/p>\n<p>Para tener una visi\u00f3n de conjunto de la plaza te aconsejo que te dirijas hacia su centro, aproximadamente a la altura de los dos palacios gemelos, es decir, el <strong>Palacio Salerno<\/strong>, que mira al mar, y el <strong>Palacio de la Prefectura<\/strong>, que mira hacia el interior.<\/p>\n<p><img loading=\"lazy\" decoding=\"async\" src=\"\/\/www.publiconsulting.com\/wordpress\/naples\/wp-content\/uploads\/sites\/67\/2018\/03\/Piazza_del_Plebiscito_dal_colonnato_della_basilica.jpg\" alt=\"\" width=\"640\" height=\"480\" class=\"alignnone size-full wp-image-485\" srcset=\"https:\/\/www.publiconsulting.com\/wordpress\/naples\/wp-content\/uploads\/sites\/67\/2018\/03\/Piazza_del_Plebiscito_dal_colonnato_della_basilica.jpg 640w, https:\/\/www.publiconsulting.com\/wordpress\/naples\/wp-content\/uploads\/sites\/67\/2018\/03\/Piazza_del_Plebiscito_dal_colonnato_della_basilica-300x225.jpg 300w, https:\/\/www.publiconsulting.com\/wordpress\/naples\/wp-content\/uploads\/sites\/67\/2018\/03\/Piazza_del_Plebiscito_dal_colonnato_della_basilica-65x49.jpg 65w, https:\/\/www.publiconsulting.com\/wordpress\/naples\/wp-content\/uploads\/sites\/67\/2018\/03\/Piazza_del_Plebiscito_dal_colonnato_della_basilica-225x169.jpg 225w, https:\/\/www.publiconsulting.com\/wordpress\/naples\/wp-content\/uploads\/sites\/67\/2018\/03\/Piazza_del_Plebiscito_dal_colonnato_della_basilica-350x263.jpg 350w\" sizes=\"auto, (max-width: 640px) 100vw, 640px\" \/><\/p>\n<p style=\"text-align: center;\"><em>El Palacio Real y el Palacio Salerno desde la columnata, con el Vesubio al fondo<\/em><\/p>\n<p>Dando la espalda al <strong>Palacio Real<\/strong>, tienes ante ti la <strong>Bas\u00edlica de San Francisco de Paula<\/strong>, neocl\u00e1sica, con su fachada de ocho columnas y c\u00fapula central flanqueada por dos c\u00fapulas menores. En el espacio rodeado por la columnata semicircular puedes ver las estatuas a caballo del <em>rey <a href=\"https:\/\/es.wikipedia.org\/wiki\/Carlos_III_de_Espa\u00f1a\">Carlos III<\/a><\/em>, a la derecha, y de su hijo <a href=\"https:\/\/es.wikipedia.org\/wiki\/Fernando_I_de_las_Dos_Sicilias\"><em>Fernando I<\/em><\/a>, a la izquierda: la primera es del gran escultor del siglo XVIII Antonio Canova y la segunda fue dise\u00f1ada por \u00e9l y completada por un disc\u00edpulo suyo.<\/p>\n<p>\u00bfY el nombre de \u00abplaza Plebiscito\u00bb? Se refiere al <a href=\"https:\/\/es.wikipedia.org\/wiki\/Reino_de_las_Dos_Sicilias\">plebiscito<\/a> por el que en 1860 el Reino de las Dos Sicilias se anexion\u00f3 al Reino de Piamonte-Cerde\u00f1a, que luego se convertir\u00eda en el Reino de Italia.<\/p>\n<p>La forma actual de la plaza, muy pintoresca, consiste en un semic\u00edrculo unido a un rect\u00e1ngulo, y es el resultado de varias remodelaciones realizadas a lo largo de los siglos, a partir del XVII.<\/p>\n<p>Hasta finales del XVI se trataba de una explanada de tierra batida utilizada para las fiestas populares. Nivelada para edificar el Palacio Real, se convirti\u00f3 posteriormente en el nuevo centro neur\u00e1lgico de la ciudad, y en punto de encuentro de la nobleza de la \u00e9poca, que hasta entonces hab\u00eda sido reacia a explayarse m\u00e1s all\u00e1 de los l\u00edmites del centro hist\u00f3rico.<\/p>\n<p>CURIOSIDAD: hay un juego muy extendido entre los napolitanos y turistas que visitan la plaza del Plebiscito. Se trata de atravesar la plaza con los ojos vendados, partiendo de la puerta del <strong>Palacio Real\u00a0<\/strong>y pasando entre los dos caballos. Hasta ahora nadie lo ha conseguido.<\/p>\n<p><strong>Bas\u00edlica de San Francisco de Paula<\/strong><\/p>\n<p><a href=\"https:\/\/www.youtube.com\/watch?v=ns8v1bmeGXY\"><img loading=\"lazy\" decoding=\"async\" src=\"\/\/www.publiconsulting.com\/wordpress\/naples\/wp-content\/uploads\/sites\/67\/2018\/03\/napoli_piazza_plebiscito_02.jpg\" alt=\"\" width=\"640\" height=\"336\" class=\"alignnone size-full wp-image-327\" srcset=\"https:\/\/www.publiconsulting.com\/wordpress\/naples\/wp-content\/uploads\/sites\/67\/2018\/03\/napoli_piazza_plebiscito_02.jpg 640w, https:\/\/www.publiconsulting.com\/wordpress\/naples\/wp-content\/uploads\/sites\/67\/2018\/03\/napoli_piazza_plebiscito_02-300x158.jpg 300w, https:\/\/www.publiconsulting.com\/wordpress\/naples\/wp-content\/uploads\/sites\/67\/2018\/03\/napoli_piazza_plebiscito_02-65x34.jpg 65w, https:\/\/www.publiconsulting.com\/wordpress\/naples\/wp-content\/uploads\/sites\/67\/2018\/03\/napoli_piazza_plebiscito_02-225x118.jpg 225w, https:\/\/www.publiconsulting.com\/wordpress\/naples\/wp-content\/uploads\/sites\/67\/2018\/03\/napoli_piazza_plebiscito_02-350x184.jpg 350w\" sizes=\"auto, (max-width: 640px) 100vw, 640px\" \/><\/a><\/p>\n<p>Por su tama\u00f1o y su espectacular arquitectura, la plaza del Plebiscito es escenario privilegiado de eventos pol\u00edticos, sociales y culturales, entre ellos, s\u00f3lo por mencionar uno de los m\u00e1s emocionantes, la ceremonia organizada para el funeral del querido cantante napolitano Pino Daniele. Durante la \u00e9poca de Navidad, sin embargo, el espacio monumental hace de marco a las creaciones de artistas contempor\u00e1neos, siempre muy discutidas y sorprendentes.<\/p>\n<p>Te cuento ahora la historia de esta plaza, que como te dec\u00eda se concibi\u00f3 con un estilo neocl\u00e1sico. A principios del siglo XIX, cuando Napole\u00f3n puso en el trono de N\u00e1poles a su cu\u00f1ado Joaqu\u00edn Murat, este espacio p\u00fablico se reorganiz\u00f3 finalmente de una forma m\u00e1s racional. Gracias a la demolici\u00f3n de varios conventos que se alzaban en este lugar se cre\u00f3 el \u00abForo de Joaqu\u00edn\u00bb, un emplazamiento monumental que servir\u00eda, entre otras cosas, para celebrar los fastos de la dinast\u00eda de Napole\u00f3n. A continuaci\u00f3n se construyeron los dos palacios gemelos que puedes ver uno frente al otro: uno era la sede de los Ministros de Estado y el otro del Ministerio de Asuntos Exteriores.<\/p>\n<p>Despu\u00e9s de la ca\u00edda de Napole\u00f3n, los Borbones volvieron al poder y la plaza cambi\u00f3 su car\u00e1cter. El rey <a href=\"https:\/\/es.wikipedia.org\/wiki\/Fernando_I_de_las_Dos_Sicilias\">Fernando IV<\/a> le devolvi\u00f3 su car\u00e1cter religioso mandando erigir la iglesia de <a href=\"https:\/\/www.youtube.com\/watch?v=YAzavmjP7-Q\"><strong>San Francisco de Paula<\/strong><\/a>, inspirada en el <a href=\"https:\/\/es.wikipedia.org\/wiki\/Pante\u00f3n_de_Agripa\">Pante\u00f3n de Agripa de Roma<\/a>, precedida por un p\u00f3rtico semicircular entorno a la entrada. Y as\u00ed, en 1846, se inaugur\u00f3 solemnemente de nuevo con el nombre de \u00abplaza Ferdinandea\u00bb o \u00abde San Francesco di Paola\u00bb, en honor al santo que seg\u00fan el rey hab\u00eda propiciado su regreso al trono.<\/p>\n<p>Si entras en la <a href=\"https:\/\/www.youtube.com\/watch?v=4CYj13vrIHQ\">iglesia<\/a> podr\u00e1s comprobar que el interior tambi\u00e9n est\u00e1 inspirado en el Pante\u00f3n, con un \u00fanico e inmenso espacio circular, la c\u00fapula con nichos cuadrados llamados casetones y la gran ventana redonda en la parte superior. Te sugiero que contemples el hermoso suelo de m\u00e1rmoles de colores, la decoraci\u00f3n decimon\u00f3nica y las obras de arte y el mobiliario procedentes de iglesias demolidas o modificadas en siglos anteriores.<\/p>\n<p>En particular te se\u00f1alo el altar mayor, realizado a mediados del siglo XVIII en p\u00f3rfido, con incrustaciones de antiguas piedras preciosas, como \u00e1gatas y lapisl\u00e1zulis.<\/p>\n<p>CURIOSIDAD: una de las dos estatuas de la plaza, la de Carlos III de Borb\u00f3n a caballo, tiene una historia curiosa. En un principio deber\u00eda haber sido una estatua de Napole\u00f3n, pero antes de estar terminada los Borbones regresaron al trono. Y al rey le disgustaba la idea de tener que deshacerse de todo el grupo, as\u00ed que orden\u00f3 destruir s\u00f3lo la estatua del emperador, salvando al caballo. Por lo que ahora Carlos III se encuentra subido al caballo de Napole\u00f3n.<\/p>\n<p><strong>Palacio Real, exterior<\/strong><\/p>\n<p><a href=\"https:\/\/www.youtube.com\/watch?v=Ba0KmNbjZYo&amp;t=27s\"><img loading=\"lazy\" decoding=\"async\" src=\"\/\/www.publiconsulting.com\/wordpress\/naples\/wp-content\/uploads\/sites\/67\/2018\/03\/Palazzo_reale.jpg\" alt=\"\" width=\"640\" height=\"359\" class=\"alignnone size-full wp-image-483\" srcset=\"https:\/\/www.publiconsulting.com\/wordpress\/naples\/wp-content\/uploads\/sites\/67\/2018\/03\/Palazzo_reale.jpg 640w, https:\/\/www.publiconsulting.com\/wordpress\/naples\/wp-content\/uploads\/sites\/67\/2018\/03\/Palazzo_reale-300x168.jpg 300w, https:\/\/www.publiconsulting.com\/wordpress\/naples\/wp-content\/uploads\/sites\/67\/2018\/03\/Palazzo_reale-65x36.jpg 65w, https:\/\/www.publiconsulting.com\/wordpress\/naples\/wp-content\/uploads\/sites\/67\/2018\/03\/Palazzo_reale-225x126.jpg 225w, https:\/\/www.publiconsulting.com\/wordpress\/naples\/wp-content\/uploads\/sites\/67\/2018\/03\/Palazzo_reale-350x196.jpg 350w\" sizes=\"auto, (max-width: 640px) 100vw, 640px\" \/><\/a><\/p>\n<p>El <strong>Palacio Real<\/strong>, que dirige su larga fachada principal hacia la plaza del Plebiscito: es uno de los edificios m\u00e1s importantes de la historia pol\u00edtica de N\u00e1poles, pues est\u00e1 vinculado a la administraci\u00f3n espa\u00f1ola, primero con los virreyes, o funcionarios reales, y luego con la dinast\u00eda reinante de los Borbones.<\/p>\n<p>Durante la segunda mitad del siglo XVI, los virreyes espa\u00f1oles hab\u00edan desarrollado iniciativas urban\u00edsticas y arquitect\u00f3nicas destinadas a dejar su impronta en la ciudad: por ejemplo con los famosos \u00abQuartieri Spagnoli\u00bb, en las proximidades del centro hist\u00f3rico, y que serv\u00edan de residencia a las tropas. La idea del palacio surgi\u00f3 a mediados del siglo XVI, debido a la necesidad de tener una sede, digna del rango de la corona de Espa\u00f1a, en la que acoger al rey Felipe III, quien sin embargo muri\u00f3 sin haber visto nunca N\u00e1poles.<\/p>\n<p>El <strong>Palacio Real<\/strong> se inici\u00f3 en el a\u00f1o 1600 seg\u00fan un proyecto del arquitecto\u00a0<a href=\"https:\/\/es.wikipedia.org\/wiki\/Domenico_Fontana\">Domenico Fontana<\/a>, gran protagonista de la renovaci\u00f3n urbana de Roma en a\u00f1os anteriores. Como ves, el edificio aprovecha por completo la anchura de la plaza, lugar perfecto para los desfiles militares, y se concibi\u00f3 como un solemne complejo tardorrenacentista. Pronto se convirti\u00f3 en punto de referencia para el desarrollo de esta zona, encontrando continuidad poco despu\u00e9s con la apertura de la Universidad, en el extremo opuesto de via Toledo, en el edificio que actualmente alberga el <a href=\"http:\/\/www.publiconsulting.com\/wordpress\/naples\/chapter\/museo-arqueologico\/\"><strong>Museo Arqueol\u00f3gico Nacional<\/strong><\/a>.<\/p>\n<p>La fachada tiene dos plantas superiores y un p\u00f3rtico que da a un patio de honores. En la parte posterior, que da al mar, podr\u00e1s visitar sus hermosos jardines, conectados con el <a href=\"http:\/\/www.publiconsulting.com\/wordpress\/naples\/chapter\/castillo-maschio-angioino\/\"><strong>Castel Nuovo<\/strong><\/a> a trav\u00e9s de un puente del siglo XVII colocado sobre el antiguo foso.<\/p>\n<p><img loading=\"lazy\" decoding=\"async\" src=\"\/\/www.publiconsulting.com\/wordpress\/naples\/wp-content\/uploads\/sites\/67\/2018\/03\/puentefoso.png\" alt=\"\" width=\"640\" height=\"348\" class=\"alignnone size-full wp-image-478\" srcset=\"https:\/\/www.publiconsulting.com\/wordpress\/naples\/wp-content\/uploads\/sites\/67\/2018\/03\/puentefoso.png 640w, https:\/\/www.publiconsulting.com\/wordpress\/naples\/wp-content\/uploads\/sites\/67\/2018\/03\/puentefoso-300x163.png 300w, https:\/\/www.publiconsulting.com\/wordpress\/naples\/wp-content\/uploads\/sites\/67\/2018\/03\/puentefoso-65x35.png 65w, https:\/\/www.publiconsulting.com\/wordpress\/naples\/wp-content\/uploads\/sites\/67\/2018\/03\/puentefoso-225x122.png 225w, https:\/\/www.publiconsulting.com\/wordpress\/naples\/wp-content\/uploads\/sites\/67\/2018\/03\/puentefoso-350x190.png 350w\" sizes=\"auto, (max-width: 640px) 100vw, 640px\" \/><\/p>\n<p>Aunque con el paso de los siglos el palacio ha sufrido diversas restauraciones y modificaciones, ha conservado sustancialmente su aspecto original, puesto en riesgo posteriormente por los bombardeos de la Segunda Guerra Mundial y por el hecho de ser utilizado como club de oficiales por las fuerzas aliadas. El mayor cambio lo ha sufrido la fachada, que originalmente estaba recorrida en su totalidad por un p\u00f3rtico. En el siglo XIX se decidi\u00f3 introducir en las hornacinas las estatuas de los soberanos que reinaron sobre N\u00e1poles y la Italia meridional.<\/p>\n<p><img loading=\"lazy\" decoding=\"async\" src=\"\/\/www.publiconsulting.com\/wordpress\/naples\/wp-content\/uploads\/sites\/67\/2018\/03\/carlosv.jpg\" alt=\"\" width=\"320\" height=\"480\" class=\"size-full wp-image-480\" srcset=\"https:\/\/www.publiconsulting.com\/wordpress\/naples\/wp-content\/uploads\/sites\/67\/2018\/03\/carlosv.jpg 640w, https:\/\/www.publiconsulting.com\/wordpress\/naples\/wp-content\/uploads\/sites\/67\/2018\/03\/carlosv-200x300.jpg 200w, https:\/\/www.publiconsulting.com\/wordpress\/naples\/wp-content\/uploads\/sites\/67\/2018\/03\/carlosv-65x98.jpg 65w, https:\/\/www.publiconsulting.com\/wordpress\/naples\/wp-content\/uploads\/sites\/67\/2018\/03\/carlosv-225x338.jpg 225w, https:\/\/www.publiconsulting.com\/wordpress\/naples\/wp-content\/uploads\/sites\/67\/2018\/03\/carlosv-350x525.jpg 350w\" sizes=\"auto, (max-width: 320px) 100vw, 320px\" \/><\/p>\n<p style=\"text-align: center;\"><em>Estatua de Carlos V<\/em><\/p>\n<p>CURIOSIDAD: entre las estatuas de los reyes realizadas a finales del XIX destaca la de Carlos V, obra del escultor napolitano <a href=\"https:\/\/es.wikipedia.org\/wiki\/Vincenzo_Gemito\">Vincenzo Gemito<\/a>. El artista estaba literalmente obsesionado con la figura del emperador: de noche lo o\u00eda murmurar y moverse, y lleg\u00f3 a lanzar piedras contra su estatua. Gemito termin\u00f3 as\u00ed en un hogar de acogida para enfermos mentales, del que se fug\u00f3 despu\u00e9s de pasar dos a\u00f1os recuper\u00e1ndose. <em>Nota del editor<\/em>: seg\u00fan la Wikipedia la historia es otra: el encargo era una estatua de Carlos V en\u00a0m\u00e1rmol, que era el material menos querido por Gemito, y el resultado del trabajo fue, en su opini\u00f3n y tambi\u00e9n de la cr\u00edtica, por debajo de su capacidad. Gemito sufri\u00f3 una crisis nerviosa y se recluy\u00f3 en un apartamento de un dormitorio, y pas\u00f3 tambi\u00e9n per\u00edodos de hospitalizaci\u00f3n en un psiqui\u00e1trico. Durante los siguientes 21 a\u00f1os, produjo solo dibujos mientras permaneci\u00f3 ingresado, hasta que en 1909 comenz\u00f3 a esculpir de nuevo. Esta fase de su arte fue, de hecho, entre la m\u00e1s apreciada por los cr\u00edticos modernos y contempor\u00e1neos.\u00a0En los \u00faltimos a\u00f1os, Gemito se dedic\u00f3 a la orfebrer\u00eda en oro y plata, y sus obras son muy admiradas en la actualidad.<\/p>\n<p><strong>Palacio Real, interior<\/strong><\/p>\n<p><img loading=\"lazy\" decoding=\"async\" src=\"\/\/www.publiconsulting.com\/wordpress\/naples\/wp-content\/uploads\/sites\/67\/2018\/03\/napoli_piazza_plebiscito_04.jpg\" alt=\"\" width=\"640\" height=\"336\" class=\"alignnone size-full wp-image-333\" srcset=\"https:\/\/www.publiconsulting.com\/wordpress\/naples\/wp-content\/uploads\/sites\/67\/2018\/03\/napoli_piazza_plebiscito_04.jpg 640w, https:\/\/www.publiconsulting.com\/wordpress\/naples\/wp-content\/uploads\/sites\/67\/2018\/03\/napoli_piazza_plebiscito_04-300x158.jpg 300w, https:\/\/www.publiconsulting.com\/wordpress\/naples\/wp-content\/uploads\/sites\/67\/2018\/03\/napoli_piazza_plebiscito_04-65x34.jpg 65w, https:\/\/www.publiconsulting.com\/wordpress\/naples\/wp-content\/uploads\/sites\/67\/2018\/03\/napoli_piazza_plebiscito_04-225x118.jpg 225w, https:\/\/www.publiconsulting.com\/wordpress\/naples\/wp-content\/uploads\/sites\/67\/2018\/03\/napoli_piazza_plebiscito_04-350x184.jpg 350w\" sizes=\"auto, (max-width: 640px) 100vw, 640px\" \/><\/p>\n<p>El estilo de la decoraci\u00f3n se corresponde con las tres \u00e9pocas principales de la historia del palacio: lugar de representaci\u00f3n de los virreyes desde el siglo XVII, a continuaci\u00f3n aposentos privados de los Borbones y <a href=\"https:\/\/es.wikipedia.org\/wiki\/Joaqu%C3%ADn_Murat\">Joaqu\u00edn Murat<\/a>\u00a0(cu\u00f1ado de Napole\u00f3n, mariscal de Francia y rey de N\u00e1poles entre 1808 y 1815) entre los siglos XVIII y XIX, y por \u00faltimo, residencia de los Saboya. Precisamente aqu\u00ed naci\u00f3 <a href=\"https:\/\/es.wikipedia.org\/wiki\/V%C3%ADctor_Manuel_III_de_Italia\">V\u00edctor Manuel III<\/a>, el rey de Italia que reinar\u00eda durante m\u00e1s tiempo, desde 1900 hasta despu\u00e9s del final de la Segunda Guerra Mundial. Como ver\u00e1s, el estilo predominante es el neocl\u00e1sico, aunque alberga una gran cantidad de cuadros del siglo XVII y varios muebles y tapices procedentes de Par\u00eds y Parma.<\/p>\n<p>A los aposentos reales llegas desde el patio de honores, subiendo la suntuosa escalinata, que fue reformada a mediados del siglo XIX despu\u00e9s de que el palacio fuera devastado por un incendio. Los m\u00e1rmoles con los que est\u00e1 revestida la escalera no son un simple adorno decorativo, sino que tienen un valor simb\u00f3lico: de hecho, proceden exclusivamente de canteras del <a href=\"https:\/\/es.wikipedia.org\/wiki\/Reino_de_las_Dos_Sicilias\">Reino de las Dos Sicilias<\/a>.<\/p>\n<p>En la parte superior de la escalinata encontrar\u00e1s un pasillo que recorre todo el patio y te da acceso a las diferentes partes: los aposentos privados de los soberanos, el peque\u00f1o teatro de la corte, la capilla, etc.<\/p>\n<p>El recorrido incluye hasta treinta estancias monumentales decoradas. Entre las m\u00e1s llamativas te recomiendo, siguiendo el orden de tu visita, el exquisito <a href=\"https:\/\/es.wikipedia.org\/wiki\/Palacio_Real_de_N\u00e1poles#\/media\/File:Teatrino_di_Corte_(Palazzo_Reale_di_Napoli)_001.jpg\">Teatro de la Corte<\/a>, realizado a mediados del siglo XVIII; la decimon\u00f3nica <a href=\"https:\/\/es.wikipedia.org\/wiki\/Palacio_Real_de_N\u00e1poles#\/media\/File:Napoli_-_Palazzo_Reale3.jpg\">Sala del Trono<\/a>; la Sala del Gran Capit\u00e1n, con un retrato atribuido a Tiziano; y el estudio personal del rey, decorado con muebles parisinos realizados para Napole\u00f3n.<\/p>\n<p>En los aposentos de la reina, presta especial atenci\u00f3n a la Sala de los Paisajes y a la Primera sala de estar, ambas con excelentes pinturas del siglo XVII.<\/p>\n<p>La visita termina con el enorme Sal\u00f3n de H\u00e9rcules y con la Capilla Palatina, donde ver\u00e1s una especialidad napolitana: un gran bel\u00e9n con m\u00e1s de 300 estatuillas.<\/p>\n<p>CURIOSIDAD: en el Aposento de las Fiestas, construido a mediados del siglo XIX en un ala del Palacio Real, puedes visitar la Biblioteca Nacional, con cerca de dos millones de vol\u00famenes, incluidos rollos de papiro realmente inestimables y muy delicados: de hecho, se encontraron carbonizados en una villa de Herculano, que qued\u00f3 sepultada por la famosa erupci\u00f3n del Vesubio del 79 despu\u00e9s de Cristo.<\/p>\n<p>Visita en video al Palacio Real:<\/p>\n<p><iframe loading=\"lazy\" title=\"Palacio Real | N\u00e1poles | 3\/5\" width=\"500\" height=\"375\" src=\"https:\/\/www.youtube.com\/embed\/w13j47_dZeU?feature=oembed&#38;rel=0\" frameborder=\"0\" allowfullscreen=\"allowfullscreen\"><\/iframe><\/p>\n","protected":false},"author":1,"menu_order":2,"template":"","meta":{"pb_show_title":"on","pb_short_title":"","pb_subtitle":"","pb_authors":[],"pb_section_license":""},"chapter-type":[47],"contributor":[],"license":[],"class_list":["post-322","chapter","type-chapter","status-publish","hentry","chapter-type-standard"],"part":3,"_links":{"self":[{"href":"https:\/\/www.publiconsulting.com\/wordpress\/naples\/wp-json\/pressbooks\/v2\/chapters\/322","targetHints":{"allow":["GET"]}}],"collection":[{"href":"https:\/\/www.publiconsulting.com\/wordpress\/naples\/wp-json\/pressbooks\/v2\/chapters"}],"about":[{"href":"https:\/\/www.publiconsulting.com\/wordpress\/naples\/wp-json\/wp\/v2\/types\/chapter"}],"author":[{"embeddable":true,"href":"https:\/\/www.publiconsulting.com\/wordpress\/naples\/wp-json\/wp\/v2\/users\/1"}],"version-history":[{"count":18,"href":"https:\/\/www.publiconsulting.com\/wordpress\/naples\/wp-json\/pressbooks\/v2\/chapters\/322\/revisions"}],"predecessor-version":[{"id":795,"href":"https:\/\/www.publiconsulting.com\/wordpress\/naples\/wp-json\/pressbooks\/v2\/chapters\/322\/revisions\/795"}],"part":[{"href":"https:\/\/www.publiconsulting.com\/wordpress\/naples\/wp-json\/pressbooks\/v2\/parts\/3"}],"metadata":[{"href":"https:\/\/www.publiconsulting.com\/wordpress\/naples\/wp-json\/pressbooks\/v2\/chapters\/322\/metadata\/"}],"wp:attachment":[{"href":"https:\/\/www.publiconsulting.com\/wordpress\/naples\/wp-json\/wp\/v2\/media?parent=322"}],"wp:term":[{"taxonomy":"chapter-type","embeddable":true,"href":"https:\/\/www.publiconsulting.com\/wordpress\/naples\/wp-json\/pressbooks\/v2\/chapter-type?post=322"},{"taxonomy":"contributor","embeddable":true,"href":"https:\/\/www.publiconsulting.com\/wordpress\/naples\/wp-json\/wp\/v2\/contributor?post=322"},{"taxonomy":"license","embeddable":true,"href":"https:\/\/www.publiconsulting.com\/wordpress\/naples\/wp-json\/wp\/v2\/license?post=322"}],"curies":[{"name":"wp","href":"https:\/\/api.w.org\/{rel}","templated":true}]}}