{"id":689,"date":"2018-09-08T15:31:09","date_gmt":"2018-09-08T15:31:09","guid":{"rendered":"https:\/\/www.publiconsulting.com\/wordpress\/naples\/?post_type=chapter&#038;p=689"},"modified":"2018-09-14T14:42:38","modified_gmt":"2018-09-14T14:42:38","slug":"dia-2-rutra-en-coche-por-la-costa-amalfitana","status":"publish","type":"chapter","link":"https:\/\/www.publiconsulting.com\/wordpress\/naples\/chapter\/dia-2-rutra-en-coche-por-la-costa-amalfitana\/","title":{"rendered":"D\u00eda 2 &#8211; Ruta en coche por la costa amalfitana"},"content":{"raw":"N\u00e1poles - <span>Sorrento -\u00a0Positano<\/span>\u00a0- Amalfi - Atrani - Ravello - Salerno - N\u00e1poles\r\n\r\nRuta hacia la famosa Costa Amalfitana y el golfo de Sorrento, uno de los enclaves m\u00e1s bellos del mundo situado a orillas del Mediterr\u00e1neo y declarado por la Unesco Patrimonio de la Humanidad. Nos espera una fotog\u00e9nica carretera panor\u00e1mica que corre paralela a la costa y que esconde en cada curva del camino paisaje verticales de ins\u00f3lita belleza con acantilados que se precipitan en el mar, misteriosas grutas y galer\u00edas subterr\u00e1neas, hermosas bah\u00edas y pintorescas localidades de genuina arquitectura que parecen atrapadas en el tiempo. Es uno de los litorales m\u00e1s glamurosos del mundo.\r\n\r\n<a href=\"https:\/\/www.google.com\/maps\/dir\/UNA+Hotel+Napoli,+Piazza+Giuseppe+Garibaldi,+N\u00e1poles,+Italia\/80067+Sorrento,+N\u00e1poles,+Italia\/Positano,+Salerno,+Italia\/Amalfi,+Salerno,+Italia\/Atrani,+Salerno,+Italia\/Ravello,+Salerno,+Italia\/Salerno,+Salerno,+Italia\/@40.7307547,14.3649911,11z\/data=!3m1!4b1!4m44!4m43!1m5!1m1!1s0x133b0815c215b661:0xe32aa67de1a0ad9f!2m2!1d14.2674699!2d40.8518022!1m5!1m1!1s0x133b99536dbf5b61:0x2644eb57abc0ce40!2m2!1d14.3757985!2d40.6262925!1m5!1m1!1s0x133b9768a710d21b:0x8cde0b2863cede31!2m2!1d14.4849812!2d40.6280528!1m5!1m1!1s0x133b95b54921c5d1:0x151a2c999fb2aca9!2m2!1d14.6026805!2d40.6340026!1m5!1m1!1s0x133b95a8e2219069:0xb6fe52d5ce1da27e!2m2!1d14.6086202!2d40.6357929!1m5!1m1!1s0x133b95759806ec37:0xfc15a139e8011360!2m2!1d14.6117112!2d40.6491886!1m5!1m1!1s0x133bc18eb4eaca59:0xc97ee554ed9bec63!2m2!1d14.746163!2d40.676366!3e0\"><img src=\"https:\/\/www.publiconsulting.com\/wordpress\/naples\/wp-content\/uploads\/sites\/67\/2018\/09\/rutacosta.png\" alt=\"\" class=\"size-medium wp-image-693 aligncenter\" \/><\/a>\r\n\r\nAunque quiz\u00e1s sea posible hacer toda la ruta de la imagen en un solo d\u00eda, parece m\u00e1s razonable hacer N\u00e1poles - Salerno - Ravello - Amalfi - N\u00e1poles. El resto ser\u00e1 para otro viaje.\r\n\r\nFrecuentada por muchos famosos, la fama de esta costa se remonta siglos atr\u00e1s, cuando fue elegida por los c\u00e9sares romanos como lugar de descanso. Descubriremos rincones \u00fanicos y pueblos de postal de color pastel situados en verticales imposibles, enmarcados entre el azul del cielo y un intenso mar, y cobijados entre vi\u00f1edos, limoneros, olivos y buganvillas.\r\n\r\nLa Costa Amalfitana est\u00e1 situada en la regi\u00f3n italiana de Campania y se extiende a lo largo de todo el Golfo de Salerno, a orillas del Mar Tirreno. La carretera discurre paralela al mar y cruza pueblos tan bonitos como <strong>Amalfi, Atrani, Cetara, Conca dei Marini, Furore, Maiore, Minori, Positano, Praiano, Ravello, Scala, Tramonti y Vietri Sul Mare<\/strong>, todos ellos fueron declarados Patrimonio de la Humanidad por la UNESCO en el a\u00f1o 1997 y cada uno tiene un encanto especial y una gastronom\u00eda de primera.\r\n\r\n<img src=\"https:\/\/www.publiconsulting.com\/wordpress\/naples\/wp-content\/uploads\/sites\/67\/2018\/09\/COSTA-AMALFITANA.jpg\" alt=\"\" width=\"800\" height=\"600\" class=\"size-full wp-image-724 aligncenter\" \/>\r\n\r\nA primera hora de la ma\u00f1ana y despu\u00e9s de desayunar, pondremos rumbo hacia Vietri sul Mare. El paisaje es espectacular, por un lado el azul turquesa del mar y por el otro, terrazas llenas de limoneros y una gran vegetaci\u00f3n.\r\n\r\nNuestra primera parada la haremos en la <strong>Torre dei Normanni<\/strong> para ver las vistas. Esta torre fue construida entre 1250 y 1300 para defender la zona de los ataques sarracenos, est\u00e1 situada en la poblaci\u00f3n de Maiori y actualmente es un renombrado restaurante.\r\n\r\n<a href=\"https:\/\/www.callejeandoporelplaneta.com\/wp-content\/uploads\/TORRE-DEI-NORMANNI-COSTA-AMALFITANA.jpg\" class=\"cboxElement\"><img src=\"https:\/\/www.publiconsulting.com\/wordpress\/naples\/wp-content\/uploads\/sites\/67\/2018\/09\/TORRE-DEI-NORMANNI-COSTA-AMALFITANA.jpg\" alt=\"\" width=\"800\" height=\"600\" class=\"size-full wp-image-725 aligncenter\" \/>\r\n<\/a>\r\n\r\nContinuamos nuestra ruta hasta llegar a Ravello, la carretera es un poco estrecha y mala, con muchas curvas. El pueblo es de lo m\u00e1s pintoresco, est\u00e1 situado en lo alto de una colina entre el Valle del R\u00edo Dragone y el Valle Reginna y goza de unas vistas espectaculares de toda la costa.\r\n\r\n<a href=\"https:\/\/www.callejeandoporelplaneta.com\/wp-content\/uploads\/RAVELLO.jpg\" class=\"cboxElement\"><img src=\"https:\/\/www.publiconsulting.com\/wordpress\/naples\/wp-content\/uploads\/sites\/67\/2018\/09\/RAVELLO.jpg\" alt=\"\" width=\"800\" height=\"600\" class=\"size-full wp-image-726 aligncenter\" \/>\r\n<\/a>\r\n\r\nEntre los a\u00f1os 839 y 1200, Ravello, fue un importante centro comercial en el Mediterr\u00e1neo, los intercambios comerciales se llevaban a cabo principalmente con \u00e1rabes y bizantinos y la localidad lleg\u00f3 a ser una de las m\u00e1s pr\u00f3speras de la zona, en ella se asentaron numerosos nobles procedentes de la vecina Amalfi que dotaron a la localidad de un gran patrimonio art\u00edstico aunque sin lugar a duda, la \u00e9poca \u00e1lgida de Ravello lleg\u00f3 en el a\u00f1o 1086 cuando fue elegida sede obispal.\r\n\r\nTras aparcar el coche nos dirigiremos hasta la plaza principal de la localidad donde se encuentran dos de los lugares m\u00e1s destacados de Ravello, por un lado el Duomo, dedicado a Santa Mar\u00eda de la Asunci\u00f3n y por otro Villa Rufolo, una finca que perteneci\u00f3 a un acaudalado comerciante y su familia.\r\n\r\nEl Duomo data del a\u00f1o 1086 aunque posteriormente ha sido reformado en varias ocasiones, la fachada principal no es de las m\u00e1s bonitas que he visto pero hay que fijarse bien en la puerta principal, fabricada en bronce y datada en 1179, cuenta con una imagen de un le\u00f3n en el picaporte, est\u00e1 ricamente decorada y es una aut\u00e9ntica joya.\r\n\r\n<a href=\"https:\/\/www.callejeandoporelplaneta.com\/wp-content\/uploads\/CATEDRAL-RAVELLO-4.jpg\" class=\"cboxElement\"><img src=\"https:\/\/www.publiconsulting.com\/wordpress\/naples\/wp-content\/uploads\/sites\/67\/2018\/09\/CATEDRAL-RAVELLO-4.jpg\" alt=\"\" width=\"800\" height=\"600\" class=\"size-full wp-image-727 aligncenter\" \/>\r\n<img src=\"https:\/\/www.publiconsulting.com\/wordpress\/naples\/wp-content\/uploads\/sites\/67\/2018\/09\/CATEDRAL-RAVELLO.jpg\" alt=\"\" width=\"800\" height=\"600\" class=\"size-full wp-image-728 aligncenter\" \/><\/a>\r\n\r\nA escasos pasos de la iglesia se encuentra Villa Rufolo, una de las viviendas m\u00e1s importantes y lujosas de Ravello. Fue construida en el siglo XXIII por la familia Rufolo aunque a lo largo de los a\u00f1os se ha utilizado como residencia de papas e incluso de un rey. En el interior se celebra todos los a\u00f1os desde 1953 un importante festival de m\u00fasica, el sitio es incomparable, con unas vistas incre\u00edbles del mar y un precioso jard\u00edn que inspir\u00f3 a Wagner para su obra \"Parsifal\". La entrada cuesta 5\u20ac y por este precio se pueden recorrer las diferentes estancias del palacio y sus jardines.\r\n\r\n<a href=\"https:\/\/www.callejeandoporelplaneta.com\/wp-content\/uploads\/VILLA-RUFOLO-RAVELLO.jpg\" class=\"cboxElement\"><img src=\"https:\/\/www.publiconsulting.com\/wordpress\/naples\/wp-content\/uploads\/sites\/67\/2018\/09\/VILLA-RUFOLO-RAVELLO.jpg\" alt=\"\" width=\"800\" height=\"600\" class=\"size-full wp-image-729 aligncenter\" \/>\r\n<\/a>\r\n\r\nLo mejor que se puede hacer en Ravello es perderse por sus empinadas calles llenas de encanto, restaurantes y tiendas donde se vende limoncello, cer\u00e1mica y piel, artesan\u00edas t\u00edpicas de la zona.\r\n\r\n<a href=\"https:\/\/www.callejeandoporelplaneta.com\/wp-content\/uploads\/CALLEJEANDO-POR-RAVELLO.jpg\" class=\"cboxElement\"><img src=\"https:\/\/www.publiconsulting.com\/wordpress\/naples\/wp-content\/uploads\/sites\/67\/2018\/09\/CALLEJEANDO-POR-RAVELLO.jpg\" alt=\"\" width=\"800\" height=\"533\" class=\"size-full wp-image-730 aligncenter\" \/>\r\n<img src=\"https:\/\/www.publiconsulting.com\/wordpress\/naples\/wp-content\/uploads\/sites\/67\/2018\/09\/CALLEJEANDO-POR-RAVELLO-3.jpg\" alt=\"\" width=\"800\" height=\"533\" class=\"size-full wp-image-731 aligncenter\" \/><\/a>\r\n\r\nPara terminar nuestra visita a la localidad nos dirigiremos a una especie de balc\u00f3n desde donde se divisa toda la Costa Amalfitana y los valles cercanos, despu\u00e9s cogimos el coche y pusimos rumbo hacia Amalfi.\r\n\r\n<a href=\"https:\/\/www.callejeandoporelplaneta.com\/wp-content\/uploads\/VISTAS-DESDE-RAVELLO.jpg\" class=\"cboxElement\"><img src=\"https:\/\/www.publiconsulting.com\/wordpress\/naples\/wp-content\/uploads\/sites\/67\/2018\/09\/VISTAS-DESDE-RAVELLO.jpg\" alt=\"\" width=\"800\" height=\"600\" class=\"size-full wp-image-732 aligncenter\" \/>\r\n<\/a>\r\n\r\nEl trayecto hasta llegar all\u00ed puede ser un poco \"pesado\" por los coches y las curvas.\r\n\r\nAmalfi fue fundada durante la ocupaci\u00f3n romana de la regi\u00f3n de Campania, en el a\u00f1o 339 como puesto comercial destacado en el imperio y se convirti\u00f3 en la primera Rep\u00fablica Marinera en Italia, hasta ten\u00eda su propia moneda de oro, el \"Tari\". La peque\u00f1a localidad lleg\u00f3 a ser una gran potencia pero un terrible tsunami en el a\u00f1o 1343 destruy\u00f3 todo el puerto, los astilleros y los palacios. A partir de aqu\u00ed, empez\u00f3 el declive de Amalfi. Hoy en d\u00eda la econom\u00eda de la ciudad se basa principalmente en el turismo, la agricultura y la artesan\u00eda.\r\n\r\n<a href=\"https:\/\/www.callejeandoporelplaneta.com\/wp-content\/uploads\/VISTAS-DE-AMALFI-2.jpg\" class=\"cboxElement\"><img src=\"https:\/\/www.publiconsulting.com\/wordpress\/naples\/wp-content\/uploads\/sites\/67\/2018\/09\/VISTAS-DE-AMALFI-2.jpg\" alt=\"\" width=\"800\" height=\"600\" class=\"size-full wp-image-733 aligncenter\" \/>\r\n<img src=\"https:\/\/www.publiconsulting.com\/wordpress\/naples\/wp-content\/uploads\/sites\/67\/2018\/09\/VISTAS-DE-AMALFI.jpg\" alt=\"\" width=\"800\" height=\"600\" class=\"size-full wp-image-734 aligncenter\" \/><\/a>\r\n\r\nNos dirigiremos a la Catedral de Amalfi, ubicada en la Piazza del Duomo. El templo fue edificado a finales de la Edad Media aunque ha estado muchos a\u00f1os abandonado, concretamente hasta el a\u00f1o 1996, fecha en la que nuevamente se abrieron sus puertas al p\u00fablico. La catedral est\u00e1 dedicada al ap\u00f3stol San Andr\u00e9s y se construy\u00f3 en una mezcla de estilos rom\u00e1nico, barroco y rococ\u00f3, fruto del paso de diferentes pueblos por la localidad.\r\n\r\n<a href=\"https:\/\/www.callejeandoporelplaneta.com\/wp-content\/uploads\/CATEDRAL-AMALFI-2.jpg\" class=\"cboxElement\"><img src=\"https:\/\/www.publiconsulting.com\/wordpress\/naples\/wp-content\/uploads\/sites\/67\/2018\/09\/CATEDRAL-AMALFI-2.jpg\" alt=\"\" width=\"800\" height=\"600\" class=\"size-full wp-image-735 aligncenter\" \/>\r\n<\/a>\r\n\r\nDestaca su claustro, el campanario y en el interior, los frescos del techo, realizados con mosaicos aunque obviamente lo m\u00e1s representativo del lugar es su fachada rayada y que posiblemente es una de las m\u00e1s bonitas de la zona.\r\n\r\n<a href=\"https:\/\/www.callejeandoporelplaneta.com\/wp-content\/uploads\/CALLEJEANDO-POR-AMALFI.jpg\" class=\"cboxElement\"><img src=\"https:\/\/www.publiconsulting.com\/wordpress\/naples\/wp-content\/uploads\/sites\/67\/2018\/09\/CALLEJEANDO-POR-AMALFI.jpg\" alt=\"\" width=\"800\" height=\"600\" class=\"size-full wp-image-736 aligncenter\" \/>\r\n<\/a>\r\n\r\nEn este punto es donde deberemos decidir si regresar hacia Salerno y N\u00e1poles o bien continar hacia Positano y Sorrento.\u00a0La vuelta a N\u00e1poles desde Amalfi nos llevar\u00e1 apenas 90' para recorrer 70 km por la misma carretera de ida. Hay otra carretera de monta\u00f1a, con muchas curvas, que probablemente sea mejor no coger.\r\n\r\n<a href=\"https:\/\/www.callejeandoporelplaneta.com\/wp-content\/uploads\/POR-EL-INTERIOR-DE-LA-COSTA-AMALFITANA.jpg\" class=\"cboxElement\"><img src=\"https:\/\/www.publiconsulting.com\/wordpress\/naples\/wp-content\/uploads\/sites\/67\/2018\/09\/POR-EL-INTERIOR-DE-LA-COSTA-AMALFITANA.jpg\" alt=\"\" width=\"800\" height=\"600\" class=\"size-full wp-image-737 aligncenter\" \/>\r\n<\/a>\r\n\r\n<img src=\"https:\/\/www.publiconsulting.com\/wordpress\/naples\/wp-content\/uploads\/sites\/67\/2018\/09\/POR-EL-INTERIOR-DE-LA-COSTA-AMALFITANA-2.jpg\" alt=\"\" width=\"800\" height=\"600\" class=\"size-full wp-image-738 aligncenter\" \/>\r\n\r\nSi hay tiempo y podemos continuar hasta Sorrento, se puede visitar Praiano, un antiguo pueblo de pescadores convertido en un agradable refugio de veraneantes, y Conca dei Marini, donde es posible visitar la Gruta de la Esmeralda. Aprovecharemos la visita para degustar la deliciosa \u201csfogliatella\u201d, un delicioso hojaldre relleno de ricotta.\r\n\r\nNuestra siguiente parada ser\u00e1 Positano. Conocido como la \u201cPerla de la Costa Amalfitana\u201d y situado en una inclinaci\u00f3n casi imposible, Positano lleva siglos fascinando a turistas, artistas y escritores con su atm\u00f3sfera m\u00e1gica, sus callejones estrechos, sus encantadoras tiendas donde encontrar desde cer\u00e1mica artesanal a prendas de alta costura... Tan bella como exclusiva, sus calles empinadas, flanqueadas por casas en tonos pastel, descienden hasta tocar una hermosa playa de guijarros.\r\n\r\nDesde Positano podemos visitar Sorrento o, si no hay m\u00e1s tiempo, regresar a N\u00e1poles: 50 km en 80' porque la carretera tiene muchas curvas.","rendered":"<p>N\u00e1poles &#8211; Sorrento &#8211;\u00a0Positano\u00a0&#8211; Amalfi &#8211; Atrani &#8211; Ravello &#8211; Salerno &#8211; N\u00e1poles<\/p>\n<p>Ruta hacia la famosa Costa Amalfitana y el golfo de Sorrento, uno de los enclaves m\u00e1s bellos del mundo situado a orillas del Mediterr\u00e1neo y declarado por la Unesco Patrimonio de la Humanidad. Nos espera una fotog\u00e9nica carretera panor\u00e1mica que corre paralela a la costa y que esconde en cada curva del camino paisaje verticales de ins\u00f3lita belleza con acantilados que se precipitan en el mar, misteriosas grutas y galer\u00edas subterr\u00e1neas, hermosas bah\u00edas y pintorescas localidades de genuina arquitectura que parecen atrapadas en el tiempo. Es uno de los litorales m\u00e1s glamurosos del mundo.<\/p>\n<p><a href=\"https:\/\/www.google.com\/maps\/dir\/UNA+Hotel+Napoli,+Piazza+Giuseppe+Garibaldi,+N\u00e1poles,+Italia\/80067+Sorrento,+N\u00e1poles,+Italia\/Positano,+Salerno,+Italia\/Amalfi,+Salerno,+Italia\/Atrani,+Salerno,+Italia\/Ravello,+Salerno,+Italia\/Salerno,+Salerno,+Italia\/@40.7307547,14.3649911,11z\/data=!3m1!4b1!4m44!4m43!1m5!1m1!1s0x133b0815c215b661:0xe32aa67de1a0ad9f!2m2!1d14.2674699!2d40.8518022!1m5!1m1!1s0x133b99536dbf5b61:0x2644eb57abc0ce40!2m2!1d14.3757985!2d40.6262925!1m5!1m1!1s0x133b9768a710d21b:0x8cde0b2863cede31!2m2!1d14.4849812!2d40.6280528!1m5!1m1!1s0x133b95b54921c5d1:0x151a2c999fb2aca9!2m2!1d14.6026805!2d40.6340026!1m5!1m1!1s0x133b95a8e2219069:0xb6fe52d5ce1da27e!2m2!1d14.6086202!2d40.6357929!1m5!1m1!1s0x133b95759806ec37:0xfc15a139e8011360!2m2!1d14.6117112!2d40.6491886!1m5!1m1!1s0x133bc18eb4eaca59:0xc97ee554ed9bec63!2m2!1d14.746163!2d40.676366!3e0\"><img loading=\"lazy\" decoding=\"async\" width=\"1654\" height=\"1260\" src=\"https:\/\/www.publiconsulting.com\/wordpress\/naples\/wp-content\/uploads\/sites\/67\/2018\/09\/rutacosta.png\" alt=\"\" class=\"size-medium wp-image-693 aligncenter\" srcset=\"https:\/\/www.publiconsulting.com\/wordpress\/naples\/wp-content\/uploads\/sites\/67\/2018\/09\/rutacosta.png 1654w, https:\/\/www.publiconsulting.com\/wordpress\/naples\/wp-content\/uploads\/sites\/67\/2018\/09\/rutacosta-300x229.png 300w, https:\/\/www.publiconsulting.com\/wordpress\/naples\/wp-content\/uploads\/sites\/67\/2018\/09\/rutacosta-768x585.png 768w, https:\/\/www.publiconsulting.com\/wordpress\/naples\/wp-content\/uploads\/sites\/67\/2018\/09\/rutacosta-1024x780.png 1024w, https:\/\/www.publiconsulting.com\/wordpress\/naples\/wp-content\/uploads\/sites\/67\/2018\/09\/rutacosta-65x50.png 65w, https:\/\/www.publiconsulting.com\/wordpress\/naples\/wp-content\/uploads\/sites\/67\/2018\/09\/rutacosta-225x171.png 225w, https:\/\/www.publiconsulting.com\/wordpress\/naples\/wp-content\/uploads\/sites\/67\/2018\/09\/rutacosta-350x267.png 350w\" sizes=\"auto, (max-width: 1654px) 100vw, 1654px\" \/><\/a><\/p>\n<p>Aunque quiz\u00e1s sea posible hacer toda la ruta de la imagen en un solo d\u00eda, parece m\u00e1s razonable hacer N\u00e1poles &#8211; Salerno &#8211; Ravello &#8211; Amalfi &#8211; N\u00e1poles. El resto ser\u00e1 para otro viaje.<\/p>\n<p>Frecuentada por muchos famosos, la fama de esta costa se remonta siglos atr\u00e1s, cuando fue elegida por los c\u00e9sares romanos como lugar de descanso. Descubriremos rincones \u00fanicos y pueblos de postal de color pastel situados en verticales imposibles, enmarcados entre el azul del cielo y un intenso mar, y cobijados entre vi\u00f1edos, limoneros, olivos y buganvillas.<\/p>\n<p>La Costa Amalfitana est\u00e1 situada en la regi\u00f3n italiana de Campania y se extiende a lo largo de todo el Golfo de Salerno, a orillas del Mar Tirreno. La carretera discurre paralela al mar y cruza pueblos tan bonitos como <strong>Amalfi, Atrani, Cetara, Conca dei Marini, Furore, Maiore, Minori, Positano, Praiano, Ravello, Scala, Tramonti y Vietri Sul Mare<\/strong>, todos ellos fueron declarados Patrimonio de la Humanidad por la UNESCO en el a\u00f1o 1997 y cada uno tiene un encanto especial y una gastronom\u00eda de primera.<\/p>\n<p><img loading=\"lazy\" decoding=\"async\" src=\"https:\/\/www.publiconsulting.com\/wordpress\/naples\/wp-content\/uploads\/sites\/67\/2018\/09\/COSTA-AMALFITANA.jpg\" alt=\"\" width=\"800\" height=\"600\" class=\"size-full wp-image-724 aligncenter\" srcset=\"https:\/\/www.publiconsulting.com\/wordpress\/naples\/wp-content\/uploads\/sites\/67\/2018\/09\/COSTA-AMALFITANA.jpg 800w, https:\/\/www.publiconsulting.com\/wordpress\/naples\/wp-content\/uploads\/sites\/67\/2018\/09\/COSTA-AMALFITANA-300x225.jpg 300w, https:\/\/www.publiconsulting.com\/wordpress\/naples\/wp-content\/uploads\/sites\/67\/2018\/09\/COSTA-AMALFITANA-768x576.jpg 768w, https:\/\/www.publiconsulting.com\/wordpress\/naples\/wp-content\/uploads\/sites\/67\/2018\/09\/COSTA-AMALFITANA-65x49.jpg 65w, https:\/\/www.publiconsulting.com\/wordpress\/naples\/wp-content\/uploads\/sites\/67\/2018\/09\/COSTA-AMALFITANA-225x169.jpg 225w, https:\/\/www.publiconsulting.com\/wordpress\/naples\/wp-content\/uploads\/sites\/67\/2018\/09\/COSTA-AMALFITANA-350x263.jpg 350w\" sizes=\"auto, (max-width: 800px) 100vw, 800px\" \/><\/p>\n<p>A primera hora de la ma\u00f1ana y despu\u00e9s de desayunar, pondremos rumbo hacia Vietri sul Mare. El paisaje es espectacular, por un lado el azul turquesa del mar y por el otro, terrazas llenas de limoneros y una gran vegetaci\u00f3n.<\/p>\n<p>Nuestra primera parada la haremos en la <strong>Torre dei Normanni<\/strong> para ver las vistas. Esta torre fue construida entre 1250 y 1300 para defender la zona de los ataques sarracenos, est\u00e1 situada en la poblaci\u00f3n de Maiori y actualmente es un renombrado restaurante.<\/p>\n<p><a href=\"https:\/\/www.callejeandoporelplaneta.com\/wp-content\/uploads\/TORRE-DEI-NORMANNI-COSTA-AMALFITANA.jpg\" class=\"cboxElement\"><img loading=\"lazy\" decoding=\"async\" src=\"https:\/\/www.publiconsulting.com\/wordpress\/naples\/wp-content\/uploads\/sites\/67\/2018\/09\/TORRE-DEI-NORMANNI-COSTA-AMALFITANA.jpg\" alt=\"\" width=\"800\" height=\"600\" class=\"size-full wp-image-725 aligncenter\" srcset=\"https:\/\/www.publiconsulting.com\/wordpress\/naples\/wp-content\/uploads\/sites\/67\/2018\/09\/TORRE-DEI-NORMANNI-COSTA-AMALFITANA.jpg 800w, https:\/\/www.publiconsulting.com\/wordpress\/naples\/wp-content\/uploads\/sites\/67\/2018\/09\/TORRE-DEI-NORMANNI-COSTA-AMALFITANA-300x225.jpg 300w, https:\/\/www.publiconsulting.com\/wordpress\/naples\/wp-content\/uploads\/sites\/67\/2018\/09\/TORRE-DEI-NORMANNI-COSTA-AMALFITANA-768x576.jpg 768w, https:\/\/www.publiconsulting.com\/wordpress\/naples\/wp-content\/uploads\/sites\/67\/2018\/09\/TORRE-DEI-NORMANNI-COSTA-AMALFITANA-65x49.jpg 65w, https:\/\/www.publiconsulting.com\/wordpress\/naples\/wp-content\/uploads\/sites\/67\/2018\/09\/TORRE-DEI-NORMANNI-COSTA-AMALFITANA-225x169.jpg 225w, https:\/\/www.publiconsulting.com\/wordpress\/naples\/wp-content\/uploads\/sites\/67\/2018\/09\/TORRE-DEI-NORMANNI-COSTA-AMALFITANA-350x263.jpg 350w\" sizes=\"auto, (max-width: 800px) 100vw, 800px\" \/><br \/>\n<\/a><\/p>\n<p>Continuamos nuestra ruta hasta llegar a Ravello, la carretera es un poco estrecha y mala, con muchas curvas. El pueblo es de lo m\u00e1s pintoresco, est\u00e1 situado en lo alto de una colina entre el Valle del R\u00edo Dragone y el Valle Reginna y goza de unas vistas espectaculares de toda la costa.<\/p>\n<p><a href=\"https:\/\/www.callejeandoporelplaneta.com\/wp-content\/uploads\/RAVELLO.jpg\" class=\"cboxElement\"><img loading=\"lazy\" decoding=\"async\" src=\"https:\/\/www.publiconsulting.com\/wordpress\/naples\/wp-content\/uploads\/sites\/67\/2018\/09\/RAVELLO.jpg\" alt=\"\" width=\"800\" height=\"600\" class=\"size-full wp-image-726 aligncenter\" srcset=\"https:\/\/www.publiconsulting.com\/wordpress\/naples\/wp-content\/uploads\/sites\/67\/2018\/09\/RAVELLO.jpg 800w, https:\/\/www.publiconsulting.com\/wordpress\/naples\/wp-content\/uploads\/sites\/67\/2018\/09\/RAVELLO-300x225.jpg 300w, https:\/\/www.publiconsulting.com\/wordpress\/naples\/wp-content\/uploads\/sites\/67\/2018\/09\/RAVELLO-768x576.jpg 768w, https:\/\/www.publiconsulting.com\/wordpress\/naples\/wp-content\/uploads\/sites\/67\/2018\/09\/RAVELLO-65x49.jpg 65w, https:\/\/www.publiconsulting.com\/wordpress\/naples\/wp-content\/uploads\/sites\/67\/2018\/09\/RAVELLO-225x169.jpg 225w, https:\/\/www.publiconsulting.com\/wordpress\/naples\/wp-content\/uploads\/sites\/67\/2018\/09\/RAVELLO-350x263.jpg 350w\" sizes=\"auto, (max-width: 800px) 100vw, 800px\" \/><br \/>\n<\/a><\/p>\n<p>Entre los a\u00f1os 839 y 1200, Ravello, fue un importante centro comercial en el Mediterr\u00e1neo, los intercambios comerciales se llevaban a cabo principalmente con \u00e1rabes y bizantinos y la localidad lleg\u00f3 a ser una de las m\u00e1s pr\u00f3speras de la zona, en ella se asentaron numerosos nobles procedentes de la vecina Amalfi que dotaron a la localidad de un gran patrimonio art\u00edstico aunque sin lugar a duda, la \u00e9poca \u00e1lgida de Ravello lleg\u00f3 en el a\u00f1o 1086 cuando fue elegida sede obispal.<\/p>\n<p>Tras aparcar el coche nos dirigiremos hasta la plaza principal de la localidad donde se encuentran dos de los lugares m\u00e1s destacados de Ravello, por un lado el Duomo, dedicado a Santa Mar\u00eda de la Asunci\u00f3n y por otro Villa Rufolo, una finca que perteneci\u00f3 a un acaudalado comerciante y su familia.<\/p>\n<p>El Duomo data del a\u00f1o 1086 aunque posteriormente ha sido reformado en varias ocasiones, la fachada principal no es de las m\u00e1s bonitas que he visto pero hay que fijarse bien en la puerta principal, fabricada en bronce y datada en 1179, cuenta con una imagen de un le\u00f3n en el picaporte, est\u00e1 ricamente decorada y es una aut\u00e9ntica joya.<\/p>\n<p><a href=\"https:\/\/www.callejeandoporelplaneta.com\/wp-content\/uploads\/CATEDRAL-RAVELLO-4.jpg\" class=\"cboxElement\"><img loading=\"lazy\" decoding=\"async\" src=\"https:\/\/www.publiconsulting.com\/wordpress\/naples\/wp-content\/uploads\/sites\/67\/2018\/09\/CATEDRAL-RAVELLO-4.jpg\" alt=\"\" width=\"800\" height=\"600\" class=\"size-full wp-image-727 aligncenter\" srcset=\"https:\/\/www.publiconsulting.com\/wordpress\/naples\/wp-content\/uploads\/sites\/67\/2018\/09\/CATEDRAL-RAVELLO-4.jpg 800w, https:\/\/www.publiconsulting.com\/wordpress\/naples\/wp-content\/uploads\/sites\/67\/2018\/09\/CATEDRAL-RAVELLO-4-300x225.jpg 300w, https:\/\/www.publiconsulting.com\/wordpress\/naples\/wp-content\/uploads\/sites\/67\/2018\/09\/CATEDRAL-RAVELLO-4-768x576.jpg 768w, https:\/\/www.publiconsulting.com\/wordpress\/naples\/wp-content\/uploads\/sites\/67\/2018\/09\/CATEDRAL-RAVELLO-4-65x49.jpg 65w, https:\/\/www.publiconsulting.com\/wordpress\/naples\/wp-content\/uploads\/sites\/67\/2018\/09\/CATEDRAL-RAVELLO-4-225x169.jpg 225w, https:\/\/www.publiconsulting.com\/wordpress\/naples\/wp-content\/uploads\/sites\/67\/2018\/09\/CATEDRAL-RAVELLO-4-350x263.jpg 350w\" sizes=\"auto, (max-width: 800px) 100vw, 800px\" \/><br \/>\n<img loading=\"lazy\" decoding=\"async\" src=\"https:\/\/www.publiconsulting.com\/wordpress\/naples\/wp-content\/uploads\/sites\/67\/2018\/09\/CATEDRAL-RAVELLO.jpg\" alt=\"\" width=\"800\" height=\"600\" class=\"size-full wp-image-728 aligncenter\" srcset=\"https:\/\/www.publiconsulting.com\/wordpress\/naples\/wp-content\/uploads\/sites\/67\/2018\/09\/CATEDRAL-RAVELLO.jpg 800w, https:\/\/www.publiconsulting.com\/wordpress\/naples\/wp-content\/uploads\/sites\/67\/2018\/09\/CATEDRAL-RAVELLO-300x225.jpg 300w, https:\/\/www.publiconsulting.com\/wordpress\/naples\/wp-content\/uploads\/sites\/67\/2018\/09\/CATEDRAL-RAVELLO-768x576.jpg 768w, https:\/\/www.publiconsulting.com\/wordpress\/naples\/wp-content\/uploads\/sites\/67\/2018\/09\/CATEDRAL-RAVELLO-65x49.jpg 65w, https:\/\/www.publiconsulting.com\/wordpress\/naples\/wp-content\/uploads\/sites\/67\/2018\/09\/CATEDRAL-RAVELLO-225x169.jpg 225w, https:\/\/www.publiconsulting.com\/wordpress\/naples\/wp-content\/uploads\/sites\/67\/2018\/09\/CATEDRAL-RAVELLO-350x263.jpg 350w\" sizes=\"auto, (max-width: 800px) 100vw, 800px\" \/><\/a><\/p>\n<p>A escasos pasos de la iglesia se encuentra Villa Rufolo, una de las viviendas m\u00e1s importantes y lujosas de Ravello. Fue construida en el siglo XXIII por la familia Rufolo aunque a lo largo de los a\u00f1os se ha utilizado como residencia de papas e incluso de un rey. En el interior se celebra todos los a\u00f1os desde 1953 un importante festival de m\u00fasica, el sitio es incomparable, con unas vistas incre\u00edbles del mar y un precioso jard\u00edn que inspir\u00f3 a Wagner para su obra \u00abParsifal\u00bb. La entrada cuesta 5\u20ac y por este precio se pueden recorrer las diferentes estancias del palacio y sus jardines.<\/p>\n<p><a href=\"https:\/\/www.callejeandoporelplaneta.com\/wp-content\/uploads\/VILLA-RUFOLO-RAVELLO.jpg\" class=\"cboxElement\"><img loading=\"lazy\" decoding=\"async\" src=\"https:\/\/www.publiconsulting.com\/wordpress\/naples\/wp-content\/uploads\/sites\/67\/2018\/09\/VILLA-RUFOLO-RAVELLO.jpg\" alt=\"\" width=\"800\" height=\"600\" class=\"size-full wp-image-729 aligncenter\" srcset=\"https:\/\/www.publiconsulting.com\/wordpress\/naples\/wp-content\/uploads\/sites\/67\/2018\/09\/VILLA-RUFOLO-RAVELLO.jpg 800w, https:\/\/www.publiconsulting.com\/wordpress\/naples\/wp-content\/uploads\/sites\/67\/2018\/09\/VILLA-RUFOLO-RAVELLO-300x225.jpg 300w, https:\/\/www.publiconsulting.com\/wordpress\/naples\/wp-content\/uploads\/sites\/67\/2018\/09\/VILLA-RUFOLO-RAVELLO-768x576.jpg 768w, https:\/\/www.publiconsulting.com\/wordpress\/naples\/wp-content\/uploads\/sites\/67\/2018\/09\/VILLA-RUFOLO-RAVELLO-65x49.jpg 65w, https:\/\/www.publiconsulting.com\/wordpress\/naples\/wp-content\/uploads\/sites\/67\/2018\/09\/VILLA-RUFOLO-RAVELLO-225x169.jpg 225w, https:\/\/www.publiconsulting.com\/wordpress\/naples\/wp-content\/uploads\/sites\/67\/2018\/09\/VILLA-RUFOLO-RAVELLO-350x263.jpg 350w\" sizes=\"auto, (max-width: 800px) 100vw, 800px\" \/><br \/>\n<\/a><\/p>\n<p>Lo mejor que se puede hacer en Ravello es perderse por sus empinadas calles llenas de encanto, restaurantes y tiendas donde se vende limoncello, cer\u00e1mica y piel, artesan\u00edas t\u00edpicas de la zona.<\/p>\n<p><a href=\"https:\/\/www.callejeandoporelplaneta.com\/wp-content\/uploads\/CALLEJEANDO-POR-RAVELLO.jpg\" class=\"cboxElement\"><img loading=\"lazy\" decoding=\"async\" src=\"https:\/\/www.publiconsulting.com\/wordpress\/naples\/wp-content\/uploads\/sites\/67\/2018\/09\/CALLEJEANDO-POR-RAVELLO.jpg\" alt=\"\" width=\"800\" height=\"533\" class=\"size-full wp-image-730 aligncenter\" srcset=\"https:\/\/www.publiconsulting.com\/wordpress\/naples\/wp-content\/uploads\/sites\/67\/2018\/09\/CALLEJEANDO-POR-RAVELLO.jpg 800w, https:\/\/www.publiconsulting.com\/wordpress\/naples\/wp-content\/uploads\/sites\/67\/2018\/09\/CALLEJEANDO-POR-RAVELLO-300x200.jpg 300w, https:\/\/www.publiconsulting.com\/wordpress\/naples\/wp-content\/uploads\/sites\/67\/2018\/09\/CALLEJEANDO-POR-RAVELLO-768x512.jpg 768w, https:\/\/www.publiconsulting.com\/wordpress\/naples\/wp-content\/uploads\/sites\/67\/2018\/09\/CALLEJEANDO-POR-RAVELLO-65x43.jpg 65w, https:\/\/www.publiconsulting.com\/wordpress\/naples\/wp-content\/uploads\/sites\/67\/2018\/09\/CALLEJEANDO-POR-RAVELLO-225x150.jpg 225w, https:\/\/www.publiconsulting.com\/wordpress\/naples\/wp-content\/uploads\/sites\/67\/2018\/09\/CALLEJEANDO-POR-RAVELLO-350x233.jpg 350w\" sizes=\"auto, (max-width: 800px) 100vw, 800px\" \/><br \/>\n<img loading=\"lazy\" decoding=\"async\" src=\"https:\/\/www.publiconsulting.com\/wordpress\/naples\/wp-content\/uploads\/sites\/67\/2018\/09\/CALLEJEANDO-POR-RAVELLO-3.jpg\" alt=\"\" width=\"800\" height=\"533\" class=\"size-full wp-image-731 aligncenter\" srcset=\"https:\/\/www.publiconsulting.com\/wordpress\/naples\/wp-content\/uploads\/sites\/67\/2018\/09\/CALLEJEANDO-POR-RAVELLO-3.jpg 800w, https:\/\/www.publiconsulting.com\/wordpress\/naples\/wp-content\/uploads\/sites\/67\/2018\/09\/CALLEJEANDO-POR-RAVELLO-3-300x200.jpg 300w, https:\/\/www.publiconsulting.com\/wordpress\/naples\/wp-content\/uploads\/sites\/67\/2018\/09\/CALLEJEANDO-POR-RAVELLO-3-768x512.jpg 768w, https:\/\/www.publiconsulting.com\/wordpress\/naples\/wp-content\/uploads\/sites\/67\/2018\/09\/CALLEJEANDO-POR-RAVELLO-3-65x43.jpg 65w, https:\/\/www.publiconsulting.com\/wordpress\/naples\/wp-content\/uploads\/sites\/67\/2018\/09\/CALLEJEANDO-POR-RAVELLO-3-225x150.jpg 225w, https:\/\/www.publiconsulting.com\/wordpress\/naples\/wp-content\/uploads\/sites\/67\/2018\/09\/CALLEJEANDO-POR-RAVELLO-3-350x233.jpg 350w\" sizes=\"auto, (max-width: 800px) 100vw, 800px\" \/><\/a><\/p>\n<p>Para terminar nuestra visita a la localidad nos dirigiremos a una especie de balc\u00f3n desde donde se divisa toda la Costa Amalfitana y los valles cercanos, despu\u00e9s cogimos el coche y pusimos rumbo hacia Amalfi.<\/p>\n<p><a href=\"https:\/\/www.callejeandoporelplaneta.com\/wp-content\/uploads\/VISTAS-DESDE-RAVELLO.jpg\" class=\"cboxElement\"><img loading=\"lazy\" decoding=\"async\" src=\"https:\/\/www.publiconsulting.com\/wordpress\/naples\/wp-content\/uploads\/sites\/67\/2018\/09\/VISTAS-DESDE-RAVELLO.jpg\" alt=\"\" width=\"800\" height=\"600\" class=\"size-full wp-image-732 aligncenter\" srcset=\"https:\/\/www.publiconsulting.com\/wordpress\/naples\/wp-content\/uploads\/sites\/67\/2018\/09\/VISTAS-DESDE-RAVELLO.jpg 800w, https:\/\/www.publiconsulting.com\/wordpress\/naples\/wp-content\/uploads\/sites\/67\/2018\/09\/VISTAS-DESDE-RAVELLO-300x225.jpg 300w, https:\/\/www.publiconsulting.com\/wordpress\/naples\/wp-content\/uploads\/sites\/67\/2018\/09\/VISTAS-DESDE-RAVELLO-768x576.jpg 768w, https:\/\/www.publiconsulting.com\/wordpress\/naples\/wp-content\/uploads\/sites\/67\/2018\/09\/VISTAS-DESDE-RAVELLO-65x49.jpg 65w, https:\/\/www.publiconsulting.com\/wordpress\/naples\/wp-content\/uploads\/sites\/67\/2018\/09\/VISTAS-DESDE-RAVELLO-225x169.jpg 225w, https:\/\/www.publiconsulting.com\/wordpress\/naples\/wp-content\/uploads\/sites\/67\/2018\/09\/VISTAS-DESDE-RAVELLO-350x263.jpg 350w\" sizes=\"auto, (max-width: 800px) 100vw, 800px\" \/><br \/>\n<\/a><\/p>\n<p>El trayecto hasta llegar all\u00ed puede ser un poco \u00abpesado\u00bb por los coches y las curvas.<\/p>\n<p>Amalfi fue fundada durante la ocupaci\u00f3n romana de la regi\u00f3n de Campania, en el a\u00f1o 339 como puesto comercial destacado en el imperio y se convirti\u00f3 en la primera Rep\u00fablica Marinera en Italia, hasta ten\u00eda su propia moneda de oro, el \u00abTari\u00bb. La peque\u00f1a localidad lleg\u00f3 a ser una gran potencia pero un terrible tsunami en el a\u00f1o 1343 destruy\u00f3 todo el puerto, los astilleros y los palacios. A partir de aqu\u00ed, empez\u00f3 el declive de Amalfi. Hoy en d\u00eda la econom\u00eda de la ciudad se basa principalmente en el turismo, la agricultura y la artesan\u00eda.<\/p>\n<p><a href=\"https:\/\/www.callejeandoporelplaneta.com\/wp-content\/uploads\/VISTAS-DE-AMALFI-2.jpg\" class=\"cboxElement\"><img loading=\"lazy\" decoding=\"async\" src=\"https:\/\/www.publiconsulting.com\/wordpress\/naples\/wp-content\/uploads\/sites\/67\/2018\/09\/VISTAS-DE-AMALFI-2.jpg\" alt=\"\" width=\"800\" height=\"600\" class=\"size-full wp-image-733 aligncenter\" srcset=\"https:\/\/www.publiconsulting.com\/wordpress\/naples\/wp-content\/uploads\/sites\/67\/2018\/09\/VISTAS-DE-AMALFI-2.jpg 800w, https:\/\/www.publiconsulting.com\/wordpress\/naples\/wp-content\/uploads\/sites\/67\/2018\/09\/VISTAS-DE-AMALFI-2-300x225.jpg 300w, https:\/\/www.publiconsulting.com\/wordpress\/naples\/wp-content\/uploads\/sites\/67\/2018\/09\/VISTAS-DE-AMALFI-2-768x576.jpg 768w, https:\/\/www.publiconsulting.com\/wordpress\/naples\/wp-content\/uploads\/sites\/67\/2018\/09\/VISTAS-DE-AMALFI-2-65x49.jpg 65w, https:\/\/www.publiconsulting.com\/wordpress\/naples\/wp-content\/uploads\/sites\/67\/2018\/09\/VISTAS-DE-AMALFI-2-225x169.jpg 225w, https:\/\/www.publiconsulting.com\/wordpress\/naples\/wp-content\/uploads\/sites\/67\/2018\/09\/VISTAS-DE-AMALFI-2-350x263.jpg 350w\" sizes=\"auto, (max-width: 800px) 100vw, 800px\" \/><br \/>\n<img loading=\"lazy\" decoding=\"async\" src=\"https:\/\/www.publiconsulting.com\/wordpress\/naples\/wp-content\/uploads\/sites\/67\/2018\/09\/VISTAS-DE-AMALFI.jpg\" alt=\"\" width=\"800\" height=\"600\" class=\"size-full wp-image-734 aligncenter\" srcset=\"https:\/\/www.publiconsulting.com\/wordpress\/naples\/wp-content\/uploads\/sites\/67\/2018\/09\/VISTAS-DE-AMALFI.jpg 800w, https:\/\/www.publiconsulting.com\/wordpress\/naples\/wp-content\/uploads\/sites\/67\/2018\/09\/VISTAS-DE-AMALFI-300x225.jpg 300w, https:\/\/www.publiconsulting.com\/wordpress\/naples\/wp-content\/uploads\/sites\/67\/2018\/09\/VISTAS-DE-AMALFI-768x576.jpg 768w, https:\/\/www.publiconsulting.com\/wordpress\/naples\/wp-content\/uploads\/sites\/67\/2018\/09\/VISTAS-DE-AMALFI-65x49.jpg 65w, https:\/\/www.publiconsulting.com\/wordpress\/naples\/wp-content\/uploads\/sites\/67\/2018\/09\/VISTAS-DE-AMALFI-225x169.jpg 225w, https:\/\/www.publiconsulting.com\/wordpress\/naples\/wp-content\/uploads\/sites\/67\/2018\/09\/VISTAS-DE-AMALFI-350x263.jpg 350w\" sizes=\"auto, (max-width: 800px) 100vw, 800px\" \/><\/a><\/p>\n<p>Nos dirigiremos a la Catedral de Amalfi, ubicada en la Piazza del Duomo. El templo fue edificado a finales de la Edad Media aunque ha estado muchos a\u00f1os abandonado, concretamente hasta el a\u00f1o 1996, fecha en la que nuevamente se abrieron sus puertas al p\u00fablico. La catedral est\u00e1 dedicada al ap\u00f3stol San Andr\u00e9s y se construy\u00f3 en una mezcla de estilos rom\u00e1nico, barroco y rococ\u00f3, fruto del paso de diferentes pueblos por la localidad.<\/p>\n<p><a href=\"https:\/\/www.callejeandoporelplaneta.com\/wp-content\/uploads\/CATEDRAL-AMALFI-2.jpg\" class=\"cboxElement\"><img loading=\"lazy\" decoding=\"async\" src=\"https:\/\/www.publiconsulting.com\/wordpress\/naples\/wp-content\/uploads\/sites\/67\/2018\/09\/CATEDRAL-AMALFI-2.jpg\" alt=\"\" width=\"800\" height=\"600\" class=\"size-full wp-image-735 aligncenter\" srcset=\"https:\/\/www.publiconsulting.com\/wordpress\/naples\/wp-content\/uploads\/sites\/67\/2018\/09\/CATEDRAL-AMALFI-2.jpg 800w, https:\/\/www.publiconsulting.com\/wordpress\/naples\/wp-content\/uploads\/sites\/67\/2018\/09\/CATEDRAL-AMALFI-2-300x225.jpg 300w, https:\/\/www.publiconsulting.com\/wordpress\/naples\/wp-content\/uploads\/sites\/67\/2018\/09\/CATEDRAL-AMALFI-2-768x576.jpg 768w, https:\/\/www.publiconsulting.com\/wordpress\/naples\/wp-content\/uploads\/sites\/67\/2018\/09\/CATEDRAL-AMALFI-2-65x49.jpg 65w, https:\/\/www.publiconsulting.com\/wordpress\/naples\/wp-content\/uploads\/sites\/67\/2018\/09\/CATEDRAL-AMALFI-2-225x169.jpg 225w, https:\/\/www.publiconsulting.com\/wordpress\/naples\/wp-content\/uploads\/sites\/67\/2018\/09\/CATEDRAL-AMALFI-2-350x263.jpg 350w\" sizes=\"auto, (max-width: 800px) 100vw, 800px\" \/><br \/>\n<\/a><\/p>\n<p>Destaca su claustro, el campanario y en el interior, los frescos del techo, realizados con mosaicos aunque obviamente lo m\u00e1s representativo del lugar es su fachada rayada y que posiblemente es una de las m\u00e1s bonitas de la zona.<\/p>\n<p><a href=\"https:\/\/www.callejeandoporelplaneta.com\/wp-content\/uploads\/CALLEJEANDO-POR-AMALFI.jpg\" class=\"cboxElement\"><img loading=\"lazy\" decoding=\"async\" src=\"https:\/\/www.publiconsulting.com\/wordpress\/naples\/wp-content\/uploads\/sites\/67\/2018\/09\/CALLEJEANDO-POR-AMALFI.jpg\" alt=\"\" width=\"800\" height=\"600\" class=\"size-full wp-image-736 aligncenter\" srcset=\"https:\/\/www.publiconsulting.com\/wordpress\/naples\/wp-content\/uploads\/sites\/67\/2018\/09\/CALLEJEANDO-POR-AMALFI.jpg 800w, https:\/\/www.publiconsulting.com\/wordpress\/naples\/wp-content\/uploads\/sites\/67\/2018\/09\/CALLEJEANDO-POR-AMALFI-300x225.jpg 300w, https:\/\/www.publiconsulting.com\/wordpress\/naples\/wp-content\/uploads\/sites\/67\/2018\/09\/CALLEJEANDO-POR-AMALFI-768x576.jpg 768w, https:\/\/www.publiconsulting.com\/wordpress\/naples\/wp-content\/uploads\/sites\/67\/2018\/09\/CALLEJEANDO-POR-AMALFI-65x49.jpg 65w, https:\/\/www.publiconsulting.com\/wordpress\/naples\/wp-content\/uploads\/sites\/67\/2018\/09\/CALLEJEANDO-POR-AMALFI-225x169.jpg 225w, https:\/\/www.publiconsulting.com\/wordpress\/naples\/wp-content\/uploads\/sites\/67\/2018\/09\/CALLEJEANDO-POR-AMALFI-350x263.jpg 350w\" sizes=\"auto, (max-width: 800px) 100vw, 800px\" \/><br \/>\n<\/a><\/p>\n<p>En este punto es donde deberemos decidir si regresar hacia Salerno y N\u00e1poles o bien continar hacia Positano y Sorrento.\u00a0La vuelta a N\u00e1poles desde Amalfi nos llevar\u00e1 apenas 90&#8242; para recorrer 70 km por la misma carretera de ida. Hay otra carretera de monta\u00f1a, con muchas curvas, que probablemente sea mejor no coger.<\/p>\n<p><a href=\"https:\/\/www.callejeandoporelplaneta.com\/wp-content\/uploads\/POR-EL-INTERIOR-DE-LA-COSTA-AMALFITANA.jpg\" class=\"cboxElement\"><img loading=\"lazy\" decoding=\"async\" src=\"https:\/\/www.publiconsulting.com\/wordpress\/naples\/wp-content\/uploads\/sites\/67\/2018\/09\/POR-EL-INTERIOR-DE-LA-COSTA-AMALFITANA.jpg\" alt=\"\" width=\"800\" height=\"600\" class=\"size-full wp-image-737 aligncenter\" srcset=\"https:\/\/www.publiconsulting.com\/wordpress\/naples\/wp-content\/uploads\/sites\/67\/2018\/09\/POR-EL-INTERIOR-DE-LA-COSTA-AMALFITANA.jpg 800w, https:\/\/www.publiconsulting.com\/wordpress\/naples\/wp-content\/uploads\/sites\/67\/2018\/09\/POR-EL-INTERIOR-DE-LA-COSTA-AMALFITANA-300x225.jpg 300w, https:\/\/www.publiconsulting.com\/wordpress\/naples\/wp-content\/uploads\/sites\/67\/2018\/09\/POR-EL-INTERIOR-DE-LA-COSTA-AMALFITANA-768x576.jpg 768w, https:\/\/www.publiconsulting.com\/wordpress\/naples\/wp-content\/uploads\/sites\/67\/2018\/09\/POR-EL-INTERIOR-DE-LA-COSTA-AMALFITANA-65x49.jpg 65w, https:\/\/www.publiconsulting.com\/wordpress\/naples\/wp-content\/uploads\/sites\/67\/2018\/09\/POR-EL-INTERIOR-DE-LA-COSTA-AMALFITANA-225x169.jpg 225w, https:\/\/www.publiconsulting.com\/wordpress\/naples\/wp-content\/uploads\/sites\/67\/2018\/09\/POR-EL-INTERIOR-DE-LA-COSTA-AMALFITANA-350x263.jpg 350w\" sizes=\"auto, (max-width: 800px) 100vw, 800px\" \/><br \/>\n<\/a><\/p>\n<p><img loading=\"lazy\" decoding=\"async\" src=\"https:\/\/www.publiconsulting.com\/wordpress\/naples\/wp-content\/uploads\/sites\/67\/2018\/09\/POR-EL-INTERIOR-DE-LA-COSTA-AMALFITANA-2.jpg\" alt=\"\" width=\"800\" height=\"600\" class=\"size-full wp-image-738 aligncenter\" srcset=\"https:\/\/www.publiconsulting.com\/wordpress\/naples\/wp-content\/uploads\/sites\/67\/2018\/09\/POR-EL-INTERIOR-DE-LA-COSTA-AMALFITANA-2.jpg 800w, https:\/\/www.publiconsulting.com\/wordpress\/naples\/wp-content\/uploads\/sites\/67\/2018\/09\/POR-EL-INTERIOR-DE-LA-COSTA-AMALFITANA-2-300x225.jpg 300w, https:\/\/www.publiconsulting.com\/wordpress\/naples\/wp-content\/uploads\/sites\/67\/2018\/09\/POR-EL-INTERIOR-DE-LA-COSTA-AMALFITANA-2-768x576.jpg 768w, https:\/\/www.publiconsulting.com\/wordpress\/naples\/wp-content\/uploads\/sites\/67\/2018\/09\/POR-EL-INTERIOR-DE-LA-COSTA-AMALFITANA-2-65x49.jpg 65w, https:\/\/www.publiconsulting.com\/wordpress\/naples\/wp-content\/uploads\/sites\/67\/2018\/09\/POR-EL-INTERIOR-DE-LA-COSTA-AMALFITANA-2-225x169.jpg 225w, https:\/\/www.publiconsulting.com\/wordpress\/naples\/wp-content\/uploads\/sites\/67\/2018\/09\/POR-EL-INTERIOR-DE-LA-COSTA-AMALFITANA-2-350x263.jpg 350w\" sizes=\"auto, (max-width: 800px) 100vw, 800px\" \/><\/p>\n<p>Si hay tiempo y podemos continuar hasta Sorrento, se puede visitar Praiano, un antiguo pueblo de pescadores convertido en un agradable refugio de veraneantes, y Conca dei Marini, donde es posible visitar la Gruta de la Esmeralda. Aprovecharemos la visita para degustar la deliciosa \u201csfogliatella\u201d, un delicioso hojaldre relleno de ricotta.<\/p>\n<p>Nuestra siguiente parada ser\u00e1 Positano. Conocido como la \u201cPerla de la Costa Amalfitana\u201d y situado en una inclinaci\u00f3n casi imposible, Positano lleva siglos fascinando a turistas, artistas y escritores con su atm\u00f3sfera m\u00e1gica, sus callejones estrechos, sus encantadoras tiendas donde encontrar desde cer\u00e1mica artesanal a prendas de alta costura&#8230; Tan bella como exclusiva, sus calles empinadas, flanqueadas por casas en tonos pastel, descienden hasta tocar una hermosa playa de guijarros.<\/p>\n<p>Desde Positano podemos visitar Sorrento o, si no hay m\u00e1s tiempo, regresar a N\u00e1poles: 50 km en 80&#8242; porque la carretera tiene muchas curvas.<\/p>\n","protected":false},"author":1,"menu_order":3,"template":"","meta":{"pb_show_title":"on","pb_short_title":"","pb_subtitle":"","pb_authors":[],"pb_section_license":""},"chapter-type":[],"contributor":[],"license":[],"class_list":["post-689","chapter","type-chapter","status-publish","hentry"],"part":53,"_links":{"self":[{"href":"https:\/\/www.publiconsulting.com\/wordpress\/naples\/wp-json\/pressbooks\/v2\/chapters\/689","targetHints":{"allow":["GET"]}}],"collection":[{"href":"https:\/\/www.publiconsulting.com\/wordpress\/naples\/wp-json\/pressbooks\/v2\/chapters"}],"about":[{"href":"https:\/\/www.publiconsulting.com\/wordpress\/naples\/wp-json\/wp\/v2\/types\/chapter"}],"author":[{"embeddable":true,"href":"https:\/\/www.publiconsulting.com\/wordpress\/naples\/wp-json\/wp\/v2\/users\/1"}],"version-history":[{"count":11,"href":"https:\/\/www.publiconsulting.com\/wordpress\/naples\/wp-json\/pressbooks\/v2\/chapters\/689\/revisions"}],"predecessor-version":[{"id":740,"href":"https:\/\/www.publiconsulting.com\/wordpress\/naples\/wp-json\/pressbooks\/v2\/chapters\/689\/revisions\/740"}],"part":[{"href":"https:\/\/www.publiconsulting.com\/wordpress\/naples\/wp-json\/pressbooks\/v2\/parts\/53"}],"metadata":[{"href":"https:\/\/www.publiconsulting.com\/wordpress\/naples\/wp-json\/pressbooks\/v2\/chapters\/689\/metadata\/"}],"wp:attachment":[{"href":"https:\/\/www.publiconsulting.com\/wordpress\/naples\/wp-json\/wp\/v2\/media?parent=689"}],"wp:term":[{"taxonomy":"chapter-type","embeddable":true,"href":"https:\/\/www.publiconsulting.com\/wordpress\/naples\/wp-json\/pressbooks\/v2\/chapter-type?post=689"},{"taxonomy":"contributor","embeddable":true,"href":"https:\/\/www.publiconsulting.com\/wordpress\/naples\/wp-json\/wp\/v2\/contributor?post=689"},{"taxonomy":"license","embeddable":true,"href":"https:\/\/www.publiconsulting.com\/wordpress\/naples\/wp-json\/wp\/v2\/license?post=689"}],"curies":[{"name":"wp","href":"https:\/\/api.w.org\/{rel}","templated":true}]}}